{"id":14988,"date":"2024-11-19T14:03:25","date_gmt":"2024-11-19T12:03:25","guid":{"rendered":"https:\/\/artdenouer.com\/?post_type=product&#038;p=14988"},"modified":"2025-02-03T15:51:22","modified_gmt":"2025-02-03T13:51:22","slug":"scale-v-stock","status":"publish","type":"product","link":"https:\/\/artdenouer.com\/fr\/produit\/scale-v-stock\/","title":{"rendered":"SCALE V (stock)"},"content":{"rendered":"<section class=\"wpb-content-wrapper\"><p>[vc_row][vc_column width=&#8221;1\/3&#8243;][vc_column_text el_class=&#8221;ad-text-normal&#8221;]<\/p>\n<p style=\"text-align: center;\"><span style=\"color: #000000;\"><b>Plus qu&#8217;un<br \/>\nseul exemplaire<\/b><\/span><\/p>\n<p>[\/vc_column_text][\/vc_column][vc_column width=&#8221;1\/3&#8243;][vc_column_text el_class=&#8221;ad-text-normal&#8221;]<\/p>\n<p style=\"text-align: center;\"><span style=\"color: #000000;\"><b>Enti\u00e8rement con\u00e7ue<br \/>\n<\/b><\/span><span style=\"color: #000000;\"><b>et fabriqu\u00e9e en France<\/b><\/span><\/p>\n<p>[\/vc_column_text][\/vc_column][vc_column width=&#8221;1\/3&#8243;][vc_column_text el_class=&#8221;ad-text-normal&#8221;]<\/p>\n<p style=\"text-align: center;\"><span style=\"color: #000000;\"><strong>Livraison internationale<br \/>\net offerte en France<\/strong><\/span><\/p>\n<p>[\/vc_column_text][\/vc_column][\/vc_row][vc_row][vc_column][vc_empty_space height=&#8221;150px&#8221;][\/vc_column][\/vc_row][vc_row][vc_column][vc_column_text el_class=&#8221;ad-text-xxl&#8221;]<\/p>\n<p style=\"text-align: center;\"><strong>\u00c0 propos<\/strong><\/p>\n<p>[\/vc_column_text][\/vc_column][\/vc_row][vc_row][vc_column][vc_empty_space height=&#8221;150px&#8221;][\/vc_column][\/vc_row][vc_row][vc_column][vc_column_text el_class=&#8221;ad-text-normal&#8221; css=&#8221;.vc_custom_1732019990095{padding-right: 10px !important;padding-left: 10px !important;}&#8221;]<\/p>\n<p class=\"p1\"><em><strong>&#8220;Tu n\u2019es pas objet. <\/strong><strong>Tu es mani\u00e8re. <\/strong><strong>Une mani\u00e8re d\u2019\u00eatre au monde. <\/strong><strong>Une mani\u00e8re de tenir et de se tenir. <\/strong><strong>Droite et haute. Peau contre peau. On ne fait qu\u2019un. Intrigante et \u00e9loquente. Tu surprends. Ils questionnent. Et visc\u00e9ralement, j\u2019aime \u00e7a. <\/strong><strong>Je n\u2019ai jamais connu quelqu\u2019un comme toi. <\/strong><strong>Heureusement que tu es l\u00e0. <\/strong><strong>Tous les jours, \u00e0 me chuchoter que \u00e7a ira.&#8221;<\/strong><\/em><\/p>\n<p class=\"p1\"><strong>\u00a0<\/strong><\/p>\n<p>[\/vc_column_text][\/vc_column][\/vc_row][vc_row][vc_column][vc_empty_space height=&#8221;50px&#8221;][\/vc_column][\/vc_row][vc_row][vc_column width=&#8221;1\/12&#8243;][\/vc_column][vc_column width=&#8221;5\/12&#8243;][vc_single_image image=&#8221;14997&#8243; img_size=&#8221;full&#8221;][\/vc_column][vc_column width=&#8221;5\/12&#8243;][vc_single_image image=&#8221;15003&#8243; img_size=&#8221;full&#8221;][\/vc_column][vc_column width=&#8221;1\/12&#8243;][\/vc_column][\/vc_row][vc_row][vc_column][vc_empty_space height=&#8221;50px&#8221;][\/vc_column][\/vc_row][vc_row][vc_column][vc_column_text el_class=&#8221;ad-text-normal&#8221;]<\/p>\n<p style=\"text-align: center;\"><b>FAITES-VOUS AIDER POUR SAVOIR<\/b><\/p>\n<p>[\/vc_column_text][\/vc_column][\/vc_row][vc_row][vc_column][vc_empty_space height=&#8221;50px&#8221;][\/vc_column][\/vc_row][vc_row][vc_column width=&#8221;1\/2&#8243;][vc_column_text el_class=&#8221;ad-text-normal&#8221;]<\/p>\n<p style=\"text-align: center;\"><span style=\"color: #00ff00;\"><strong><span style=\"color: #333333;\">Envie d&#8217;essayer ?<br \/>\n<\/span><\/strong><\/span><a href=\"https:\/\/artdenouer.com\/fr\/rendez-vous-prives\/\" target=\"_blank\" rel=\"noopener\"><strong><u>R\u00e9servez un rendez-vous priv\u00e9<\/u><\/strong><\/a><\/p>\n<p>[\/vc_column_text][\/vc_column][vc_column width=&#8221;1\/2&#8243;][vc_column_text el_class=&#8221;ad-text-normal&#8221;]<\/p>\n<p style=\"text-align: center;\"><strong>Une question ?<br \/>\n<a href=\"https:\/\/artdenouer.com\/fr\/contact\/\"><u>Contactez directement Anna<\/u><\/a><\/strong><\/p>\n<p>[\/vc_column_text][\/vc_column][\/vc_row][vc_row][vc_column][vc_empty_space height=&#8221;150px&#8221;][\/vc_column][\/vc_row][vc_row][vc_column][vc_column_text el_class=&#8221;ad-text-xxl&#8221;]<\/p>\n<p style=\"text-align: center;\"><b>En face \u00e0 face<\/b><\/p>\n<p>[\/vc_column_text][vc_empty_space height=&#8221;100px&#8221;][vc_column_text el_class=&#8221;ad-text-normal&#8221; css=&#8221;.vc_custom_1738590678708{padding-right: 10px !important;padding-left: 10px !important;}&#8221;]<b>Le 14 f\u00e9vrier, Anna se livre au face \u00e0 face pour vous faire vivre l\u2019exp\u00e9rience de la rencontre. \u00c0 Paris IXe ou en visioconf\u00e9rence, de 10h \u00e0 20h, trente minutes pour s\u2019impr\u00e9gner, comprendre et s\u2019\u00e9mouvoir.<\/b>[\/vc_column_text][vc_empty_space height=&#8221;50px&#8221;][vc_column_text el_class=&#8221;ad-text-normal&#8221; el_id=&#8221;rdv-prives&#8221;]<\/p>\n<p style=\"text-align: center;\"><b>RENDEZ-VOUS PRIV\u00c9S<\/b><\/p>\n<p>[\/vc_column_text][vc_empty_space height=&#8221;50px&#8221;][\/vc_column][\/vc_row][vc_row][vc_column][vc_single_image image=&#8221;14999&#8243; img_size=&#8221;full&#8221; alignment=&#8221;center&#8221; onclick=&#8221;custom_link&#8221; img_link_target=&#8221;_blank&#8221; link=&#8221;https:\/\/artdenouer.com\/fr\/rendez-vous-prives\/&#8221;][\/vc_column][\/vc_row][vc_row][vc_column][vc_empty_space height=&#8221;50px&#8221;][\/vc_column][\/vc_row][vc_row][vc_column width=&#8221;1\/2&#8243;][vc_column_text el_class=&#8221;ad-text-normal&#8221; css=&#8221;.vc_custom_1697399994553{padding-right: 10px !important;padding-left: 10px !important;}&#8221;]<b>Essayages \u00e0 Paris<\/b>[\/vc_column_text][vc_column_text el_class=&#8221;ad-text-normal&#8221; css=&#8221;.vc_custom_1732558249998{padding-right: 10px !important;padding-left: 10px !important;}&#8221;]<b>Anna vous re\u00e7oit dans l\u2019intimit\u00e9 du <i>Parister<\/i>, h\u00f4tel particulier du IXe arrondissement<\/b><b>. <a href=\"https:\/\/artdenouer.com\/fr\/rendez-vous-prives\/\" target=\"_blank\" rel=\"noopener\"><strong><u>Un rendez-vous priv\u00e9<\/u><\/strong><\/a> de 30 minutes pour vous approprier le port\u00e9 singulier et multiple de la SCALE V, et ressentir comment ses courbes fusionnent avec votre corps et esprit. Pr\u00e9commande possible<\/b><b>\u00a0sur place.<\/b>[\/vc_column_text][\/vc_column][vc_column width=&#8221;1\/2&#8243;][vc_column_text el_class=&#8221;ad-text-normal&#8221; css=&#8221;.vc_custom_1697400000323{padding-right: 10px !important;padding-left: 10px !important;}&#8221;]<b>Conseils en visioconf\u00e9rence<\/b>[\/vc_column_text][vc_column_text el_class=&#8221;ad-text-normal&#8221; css=&#8221;.vc_custom_1732558258348{padding-right: 10px !important;padding-left: 10px !important;}&#8221;]<b>P<\/b><b>our vous qui \u00eates loin<\/b>\u00a0<b>de Paris ou qui pr\u00e9f\u00e9rez \u00e9viter les d\u00e9placements, <a href=\"https:\/\/artdenouer.com\/fr\/rendez-vous-prives\/\" target=\"_blank\" rel=\"noopener\"><strong><u>Anna\u00a0transpose l\u2019exp\u00e9rience en visioconf\u00e9rence<\/u><\/strong><\/a>. <\/b><b>Au travers de ses gestes et une immersion visuel HD, vous saisirez les d\u00e9tails et la fluidit\u00e9 de sa cr\u00e9ation organique. Cette c<\/b><b>ommunication instantan\u00e9e\u00a0<\/b><b>vous donnera acc\u00e8s aux savoirs du designer et \u00e0 ses c<\/b><b>onseils personnalis\u00e9s en direct.<\/b>[\/vc_column_text][\/vc_column][\/vc_row][vc_row][vc_column][vc_empty_space height=&#8221;50px&#8221;][vc_column_text el_class=&#8221;ad-text-normal&#8221; css=&#8221;.vc_custom_1732558266481{padding-right: 10px !important;padding-left: 10px !important;}&#8221;]<b>R\u00e9servez, d\u00e8s maintenant, votre <\/b><b>rendez-vous priv\u00e9 <\/b><a href=\"https:\/\/artdenouer.com\/fr\/rendez-vous-prives\/\"><u><b>ici<\/b><\/u><\/a><b>.<\/b>[\/vc_column_text][vc_empty_space height=&#8221;150px&#8221;][\/vc_column][\/vc_row][vc_row][vc_column][vc_column_text el_class=&#8221;ad-text-normal&#8221;]<\/p>\n<p style=\"text-align: center;\"><b>DISPONIBLE DANS<\/b><\/p>\n<p>[\/vc_column_text][vc_column_text]<div class=\"content_countdown\" id=\"main_countedown_1\"><div class=\"countdown\">\r\n\t\t\t\t<span class=\"element_conteiner\"><span  class=\"days time_left\">-506<\/span><span class=\"time_description\">Jours<\/span><\/span>\r\n\t\t\t\t<span class=\"element_conteiner\"><span  class=\"hourse time_left\">-6<\/span><span class=\"time_description\">Heures<\/span><\/span>\r\n\t\t\t\t<span class=\"element_conteiner\"><span  class=\"minutes time_left\">-3<\/span><span class=\"time_description\">Minutes<\/span><\/span>\r\n\t\t\t\t<span class=\"element_conteiner\"><span  class=\"secondes time_left\">-50<\/span><span class=\"time_description\">Secondes<\/span><\/span>\r\n\t\t\t<\/div><\/div><script>\r\n        document.addEventListener('DOMContentLoaded', function(event) {\r\n\t\t\tjQuery('#main_countedown_1 .countdown').html('')\r\n\t\t});<\/script><style>#main_countedown_1 .countdown{text-align:center;}#main_countedown_1 .countdown{margin-top:10px;margin-bottom:10px}#main_countedown_1 .time_left{\r\nborder-radius:8px;\r\nbackground-color:#3DA8CC;\r\nfont-size:23px;\r\nfont-family:monospace;\r\ncolor:#000000;\r\n}\r\n#main_countedown_1 .time_description{\r\nfont-size:23px;\r\nfont-family:monospace;\r\ncolor:#000000;\r\n}\r\n#main_countedown_1 .element_conteiner{min-width:90px}<\/style>[\/vc_column_text][\/vc_column][\/vc_row][vc_row][vc_column][vc_empty_space height=&#8221;150px&#8221;][\/vc_column][\/vc_row][vc_row][vc_column][vc_column_text el_class=&#8221;ad-text-xxl&#8221; css=&#8221;.vc_custom_1709114158452{padding-right: 10px !important;padding-left: 10px !important;}&#8221;]<\/p>\n<p style=\"text-align: center;\"><strong>Avis<\/strong><\/p>\n<p>[\/vc_column_text][\/vc_column][\/vc_row][vc_row][vc_column][vc_empty_space height=&#8221;100px&#8221;][\/vc_column][\/vc_row][vc_row][vc_column][vc_column_text el_class=&#8221;ad-text-normal&#8221;]<\/p>\n<p style=\"text-align: center;\"><b>Elles l&#8217;ont test\u00e9 avant vous.<br \/>\nElles nous partagent leur exp\u00e9rience.<\/b><\/p>\n<p>[\/vc_column_text][\/vc_column][\/vc_row][vc_row][vc_column][vc_empty_space height=&#8221;100px&#8221;][\/vc_column][\/vc_row][vc_row][vc_column width=&#8221;1\/3&#8243;][vc_column_text el_class=&#8221;ad-text-normal&#8221; css=&#8221;.vc_custom_1732020745996{padding-right: 10px !important;padding-left: 10px !important;}&#8221;]<\/p>\n<p class=\"p1\"><strong>\u201cDepuis, 6 mois que je poss\u00e8de la SCALE V, j\u2019en suis ravie. Je la porte tous les jours ou pour une occasion particuli\u00e8re. Et quand je l\u2019oublie, je me sens presque\u00a0<\/strong><strong>nue.\u201d<\/strong><\/p>\n<p class=\"p1\"><strong>\u2013 No\u00e9mie H.<\/strong><\/p>\n<p>[\/vc_column_text][vc_empty_space][\/vc_column][vc_column width=&#8221;1\/3&#8243;][vc_column_text el_class=&#8221;ad-text-normal&#8221; css=&#8221;.vc_custom_1732020765880{padding-right: 10px !important;padding-left: 10px !important;}&#8221;]<\/p>\n<p class=\"p1\"><strong>\u201cPersonnellement, d\u00e8s que je porte mes boucles d&#8217;oreilles, elles suscitent la curiosit\u00e9 et l\u2019admiration. Je suis alors toujours ravie de parler de ma rencontre avec vous.\u201d<\/strong><\/p>\n<p class=\"p1\"><strong>\u2013 Laure L.<\/strong><\/p>\n<p>[\/vc_column_text][vc_empty_space][\/vc_column][vc_column width=&#8221;1\/3&#8243;][vc_column_text el_class=&#8221;ad-text-normal&#8221; css=&#8221;.vc_custom_1732020777697{padding-right: 10px !important;padding-left: 10px !important;}&#8221;]<\/p>\n<p class=\"p1\"><strong>\u201cL\u2019aspect de sculpture, entre objet d\u2019art et boucle d\u2019oreille m\u2019a conquise. D\u00e9sormais d\u00e8s qu\u2019elle est \u00e0 mon oreille, l\u2019ai l\u2019impression qu\u2019elle me donne plus de caract\u00e8re, plus \u00e9nigmatique. Elle attise d\u2019ailleurs a curiosit\u00e9 et es gens s\u2019en souviennent. Elle me fait me sentir encore plus moi. Bref, elle fait clairement partie de mes petites choses favorites de mon quotidien.\u201d<\/strong><\/p>\n<p class=\"p1\"><strong>\u2013 Emilie G.<\/strong><\/p>\n<p>[\/vc_column_text][vc_empty_space][\/vc_column][\/vc_row][vc_row][vc_column][vc_empty_space height=&#8221;150px&#8221;][\/vc_column][\/vc_row][vc_row el_id=&#8221;faq&#8221;][vc_column][vc_column_text el_class=&#8221;ad-text-xxl&#8221; css=&#8221;.vc_custom_1694763237407{padding-right: 10px !important;padding-left: 10px !important;}&#8221;]<\/p>\n<p style=\"text-align: center;\"><strong>FAQ<\/strong><\/p>\n<p>[\/vc_column_text][\/vc_column][\/vc_row][vc_row][vc_column][vc_empty_space height=&#8221;150px&#8221;][\/vc_column][\/vc_row][vc_row][vc_column width=&#8221;1\/2&#8243;][vc_column_text el_class=&#8221;ad-text-normal&#8221; css=&#8221;.vc_custom_1732021109579{padding-right: 10px !important;padding-left: 10px !important;}&#8221;]<strong>Dois-je \u00eatre perc\u00e9e pour porter la SCALE V ?<\/strong><br \/>\n[\/vc_column_text][\/vc_column][vc_column width=&#8221;1\/2&#8243;][vc_column_text el_class=&#8221;ad-text-normal&#8221; css=&#8221;.vc_custom_1732021193216{padding-right: 10px !important;padding-left: 10px !important;}&#8221;]<strong>Oui, il est n\u00e9cessaire d\u2019avoir le lobe perc\u00e9. Toutefois, aucun autre per\u00e7age n\u2019est requis. La partie sup\u00e9rieure du n\u0153ud se fixe gr\u00e2ce \u00e0 un anneau ouvert.\u00a0<\/strong>[\/vc_column_text][\/vc_column][\/vc_row][vc_row][vc_column width=&#8221;1\/2&#8243;][vc_column_text el_class=&#8221;ad-text-normal&#8221; css=&#8221;.vc_custom_1709112479764{padding-right: 10px !important;padding-left: 10px !important;}&#8221;]<b>Sont-elles lourdes ?\u00a0<\/b>[\/vc_column_text][\/vc_column][vc_column width=&#8221;1\/2&#8243;][vc_column_text el_class=&#8221;ad-text-normal&#8221; css=&#8221;.vc_custom_1732020822847{padding-right: 10px !important;padding-left: 10px !important;}&#8221;]<strong>Non, la SCALE V p\u00e8se rien que 10g . Elle a \u00e9t\u00e9 pens\u00e9e pour \u00eatre agr\u00e9able \u00e0 porter toute une journ\u00e9e. Beaucoup de femmes sont agr\u00e9ablement surprises lors de l&#8217;essayage.\u00a0<\/strong>[\/vc_column_text][\/vc_column][\/vc_row][vc_row][vc_column width=&#8221;1\/2&#8243;][vc_column_text el_class=&#8221;ad-text-normal&#8221; css=&#8221;.vc_custom_1709112650136{padding-right: 10px !important;padding-left: 10px !important;}&#8221;]<\/p>\n<p class=\"p1\"><strong>Puis-je porter le n\u0153ud \u00e0 droite ?<\/strong><\/p>\n<p>[\/vc_column_text][\/vc_column][vc_column width=&#8221;1\/2&#8243;][vc_column_text el_class=&#8221;ad-text-normal&#8221; css=&#8221;.vc_custom_1732020893330{padding-right: 10px !important;padding-left: 10px !important;}&#8221;]<strong>Malheureusement, la forme du n\u0153ud a \u00e9t\u00e9 sp\u00e9cialement con\u00e7ue pour s\u2019adapter exclusivement aux contours de l\u2019oreille gauche.<\/strong>[\/vc_column_text][\/vc_column][\/vc_row][vc_row][vc_column width=&#8221;1\/2&#8243;][vc_column_text el_class=&#8221;ad-text-normal&#8221; css=&#8221;.vc_custom_1709113296176{padding-right: 10px !important;padding-left: 10px !important;}&#8221;]<b>Puis-je la porter avec d&#8217;autres pi\u00e8ces ARTDENOUER ?\u00a0<\/b>[\/vc_column_text][\/vc_column][vc_column width=&#8221;1\/2&#8243;][vc_column_text el_class=&#8221;ad-text-normal&#8221; css=&#8221;.vc_custom_1732020955129{padding-right: 10px !important;padding-left: 10px !important;}&#8221;]<strong>Oui, le jeu des possibles est grand. Anna porte tr\u00e8s souvent la SCALE V en version absolue avec le duo de bagues SCALE IV et la MA 01.\u00a0<\/strong>[\/vc_column_text][\/vc_column][\/vc_row][vc_row][vc_column width=&#8221;1\/2&#8243;][vc_column_text el_class=&#8221;ad-text-normal&#8221; css=&#8221;.vc_custom_1709114984659{padding-right: 10px !important;padding-left: 10px !important;}&#8221;]<b>Comment de temps dure l&#8217;essayage ?\u00a0<\/b>[\/vc_column_text][\/vc_column][vc_column width=&#8221;1\/2&#8243;][vc_column_text el_class=&#8221;ad-text-normal&#8221; css=&#8221;.vc_custom_1709115216985{padding-right: 10px !important;padding-left: 10px !important;}&#8221;]<strong>Anna pr\u00e9voit un cr\u00e9neau de 30 minutes pour chaque rendez-vous priv\u00e9, mais il peut \u00eatre r\u00e9duit \u00e0 15 minutes, si besoin.\u00a0<\/strong>[\/vc_column_text][\/vc_column][\/vc_row][vc_row][vc_column width=&#8221;1\/2&#8243;][vc_column_text el_class=&#8221;ad-text-normal&#8221; css=&#8221;.vc_custom_1697400150386{padding-right: 10px !important;padding-left: 10px !important;}&#8221;]<b>Puis-je payer en plusieurs fois ?\u00a0<\/b>[\/vc_column_text][\/vc_column][vc_column width=&#8221;1\/2&#8243;][vc_column_text el_class=&#8221;ad-text-normal&#8221; css=&#8221;.vc_custom_1732558282281{padding-right: 10px !important;padding-left: 10px !important;}&#8221;]<strong>Oui, nous vous offrons la possibilit\u00e9 de payer \u00e0 votre rythme, en deux ou trois fois, sans frais. Ce paiement est s\u00e9curis\u00e9 et s&#8217;\u00e9tablit avec un partenaire reconnu et de confiance ALMA. Le paiement en plusieurs fois est disponible aussi bien pour les commandes en ligne qu\u2019en rendez-vous priv\u00e9.\u00a0<\/strong>[\/vc_column_text][\/vc_column][\/vc_row][vc_row][vc_column width=&#8221;1\/2&#8243;][vc_column_text el_class=&#8221;ad-text-normal&#8221; css=&#8221;.vc_custom_1697400161519{padding-right: 10px !important;padding-left: 10px !important;}&#8221;]<b>Comment bien l&#8217;entretenir ?\u00a0<\/b>[\/vc_column_text][\/vc_column][vc_column width=&#8221;1\/2&#8243;][vc_column_text el_class=&#8221;ad-text-normal&#8221; css=&#8221;.vc_custom_1732020968696{padding-right: 10px !important;padding-left: 10px !important;}&#8221;]<\/p>\n<p class=\"p1\"><strong>Pour pr\u00e9server la brillance et long\u00e9vit\u00e9 de votre SCALE V en Plaqu\u00e9 Or Jaune 24 carats, voici mes conseils. Retirez la avant de vous doucher et vous coucher. Pour emp\u00eacher l&#8217;oxydation naturelle, rangez la toujours dans son \u00e9crin. \u00c9viter les contacts avec les cr\u00e8mes, les parfums, et produits chimiques. Polissez la r\u00e9guli\u00e8rement avec un chiffon doux afin de garder leur \u00e9clat.<\/strong><\/p>\n<p>[\/vc_column_text][\/vc_column][\/vc_row][vc_row][vc_column width=&#8221;1\/2&#8243;][vc_column_text el_class=&#8221;ad-text-normal&#8221; css=&#8221;.vc_custom_1697400175769{padding-right: 10px !important;padding-left: 10px !important;}&#8221;]<b>Quand vais-je la recevoir ?<\/b>[\/vc_column_text][\/vc_column][vc_column width=&#8221;1\/2&#8243;][vc_column_text el_class=&#8221;ad-text-normal&#8221; css=&#8221;.vc_custom_1732017099807{padding-right: 10px !important;padding-left: 10px !important;}&#8221;]<strong>L&#8217;exp\u00e9dition se fait sous 48 heures, et la livraison prend ensuite 2 \u00e0 3 jours ouvr\u00e9s. Vous recevrez donc votre commande sous 5 jours maximum en France. Un num\u00e9ro de suivi vous sera fourni pour suivre l&#8217;acheminement de votre colis.<\/strong>[\/vc_column_text][\/vc_column][\/vc_row][vc_row][vc_column][vc_empty_space height=&#8221;150px&#8221;][\/vc_column][\/vc_row]<\/p>\n<\/section>","protected":false},"excerpt":{"rendered":"<p class=\"p1\"><b>Anatomique et asym\u00e9trique, la SCALE V est une fusion en soi. Extr\u00eame mais l\u00e9g\u00e8re, discr\u00e8te \u00e0 droite et \u00e9loquente \u00e0 gauche, elle attise la curiosit\u00e9. Ajustable, elle \u00e9pouse \u00e9l\u00e9gamment les lignes de toutes les oreilles perc\u00e9es, dans un confort absolu. Avec intensit\u00e9, celte contemporaine rend hommage et rend visible la femme ARTDENOUER, audacieuse, qui se cache derri\u00e8re elle.<\/b><\/p>\n","protected":false},"featured_media":15088,"template":"","meta":{"_acf_changed":false},"product_cat":[266],"product_tag":[],"acf":[],"yoast_head":"<!-- This site is optimized with the Yoast SEO plugin v22.8 - https:\/\/yoast.com\/wordpress\/plugins\/seo\/ -->\n<title>SCALE V, s\u00e9rie CLOSE-UP<\/title>\n<meta name=\"description\" content=\"Derniers exemplaires, disponibles en stock, sur ARTDENOUER.COM et en rendez-vous priv\u00e9 du 10 au 20 d\u00e9cembre 2024.\" \/>\n<meta name=\"robots\" content=\"index, follow, max-snippet:-1, max-image-preview:large, max-video-preview:-1\" \/>\n<link rel=\"canonical\" href=\"https:\/\/artdenouer.com\/fr\/produit\/scale-v-stock\/\" \/>\n<meta property=\"og:locale\" content=\"fr_FR\" \/>\n<meta property=\"og:type\" content=\"article\" \/>\n<meta property=\"og:title\" content=\"SCALE V, s\u00e9rie CLOSE-UP.\" \/>\n<meta property=\"og:description\" content=\"Derniers exemplaires, disponibles en stock, sur ARTDENOUER.COM et en rendez-vous priv\u00e9 du 10 au 20 d\u00e9cembre 2024.\" \/>\n<meta property=\"og:url\" content=\"https:\/\/artdenouer.com\/fr\/produit\/scale-v-stock\/\" \/>\n<meta property=\"og:site_name\" content=\"ARTDENOUER\" \/>\n<meta property=\"article:modified_time\" content=\"2025-02-03T13:51:22+00:00\" \/>\n<meta property=\"og:image\" content=\"https:\/\/artdenouer.com\/wp-content\/uploads\/2024\/11\/SCALE_V-2.jpg\" \/>\n\t<meta property=\"og:image:width\" content=\"1920\" \/>\n\t<meta property=\"og:image:height\" content=\"2560\" \/>\n\t<meta property=\"og:image:type\" content=\"image\/jpeg\" \/>\n<meta name=\"twitter:card\" content=\"summary_large_image\" \/>\n<meta name=\"twitter:title\" content=\"SCALE VIII, s\u00e9rie CLOSE-UP.\" \/>\n<meta name=\"twitter:description\" content=\"Edit\u00e9e \u00e0 150 exemplaires, la SCALE VIII ne sera disponible que 6 jours, en pr\u00e9commande, du 19 au 24 Mars 2024. La seule fois de l\u2019ann\u00e9e.\" \/>\n<meta name=\"twitter:image\" content=\"https:\/\/artdenouer.com\/wp-content\/uploads\/2024\/02\/SCALE_VIII_1200x1600_16.jpg\" \/>\n<meta name=\"twitter:label1\" content=\"Dur\u00e9e de lecture estim\u00e9e\" \/>\n\t<meta name=\"twitter:data1\" content=\"6 minutes\" \/>\n<script type=\"application\/ld+json\" class=\"yoast-schema-graph\">{\"@context\":\"https:\/\/schema.org\",\"@graph\":[{\"@type\":\"WebPage\",\"@id\":\"https:\/\/artdenouer.com\/fr\/produit\/scale-v-stock\/\",\"url\":\"https:\/\/artdenouer.com\/fr\/produit\/scale-v-stock\/\",\"name\":\"SCALE V, s\u00e9rie CLOSE-UP\",\"isPartOf\":{\"@id\":\"https:\/\/artdenouer.com\/fr\/#website\"},\"primaryImageOfPage\":{\"@id\":\"https:\/\/artdenouer.com\/fr\/produit\/scale-v-stock\/#primaryimage\"},\"image\":{\"@id\":\"https:\/\/artdenouer.com\/fr\/produit\/scale-v-stock\/#primaryimage\"},\"thumbnailUrl\":\"https:\/\/artdenouer.com\/wp-content\/uploads\/2024\/11\/SCALE_V-2.jpg\",\"datePublished\":\"2024-11-19T12:03:25+00:00\",\"dateModified\":\"2025-02-03T13:51:22+00:00\",\"description\":\"Derniers exemplaires, disponibles en stock, sur ARTDENOUER.COM et en rendez-vous priv\u00e9 du 10 au 20 d\u00e9cembre 2024.\",\"breadcrumb\":{\"@id\":\"https:\/\/artdenouer.com\/fr\/produit\/scale-v-stock\/#breadcrumb\"},\"inLanguage\":\"fr-FR\",\"potentialAction\":[{\"@type\":\"ReadAction\",\"target\":[\"https:\/\/artdenouer.com\/fr\/produit\/scale-v-stock\/\"]}]},{\"@type\":\"ImageObject\",\"inLanguage\":\"fr-FR\",\"@id\":\"https:\/\/artdenouer.com\/fr\/produit\/scale-v-stock\/#primaryimage\",\"url\":\"https:\/\/artdenouer.com\/wp-content\/uploads\/2024\/11\/SCALE_V-2.jpg\",\"contentUrl\":\"https:\/\/artdenouer.com\/wp-content\/uploads\/2024\/11\/SCALE_V-2.jpg\",\"width\":1920,\"height\":2560},{\"@type\":\"BreadcrumbList\",\"@id\":\"https:\/\/artdenouer.com\/fr\/produit\/scale-v-stock\/#breadcrumb\",\"itemListElement\":[{\"@type\":\"ListItem\",\"position\":1,\"name\":\"Accueil\",\"item\":\"https:\/\/artdenouer.com\/fr\/\"},{\"@type\":\"ListItem\",\"position\":2,\"name\":\"The Shop\",\"item\":\"https:\/\/artdenouer.com\/fr\/?page_id=5\"},{\"@type\":\"ListItem\",\"position\":3,\"name\":\"SCALE V (stock)\"}]},{\"@type\":\"WebSite\",\"@id\":\"https:\/\/artdenouer.com\/fr\/#website\",\"url\":\"https:\/\/artdenouer.com\/fr\/\",\"name\":\"ARTDENOUER\",\"description\":\"Sculptures \u00e0 porter\",\"publisher\":{\"@id\":\"https:\/\/artdenouer.com\/fr\/#organization\"},\"potentialAction\":[{\"@type\":\"SearchAction\",\"target\":{\"@type\":\"EntryPoint\",\"urlTemplate\":\"https:\/\/artdenouer.com\/fr\/?s={search_term_string}\"},\"query-input\":\"required name=search_term_string\"}],\"inLanguage\":\"fr-FR\"},{\"@type\":\"Organization\",\"@id\":\"https:\/\/artdenouer.com\/fr\/#organization\",\"name\":\"ARTDENOUER\",\"url\":\"https:\/\/artdenouer.com\/fr\/\",\"logo\":{\"@type\":\"ImageObject\",\"inLanguage\":\"fr-FR\",\"@id\":\"https:\/\/artdenouer.com\/fr\/#\/schema\/logo\/image\/\",\"url\":\"https:\/\/artdenouer.com\/wp-content\/uploads\/2023\/09\/161013_logotype_3mm.png\",\"contentUrl\":\"https:\/\/artdenouer.com\/wp-content\/uploads\/2023\/09\/161013_logotype_3mm.png\",\"width\":301,\"height\":45,\"caption\":\"ARTDENOUER\"},\"image\":{\"@id\":\"https:\/\/artdenouer.com\/fr\/#\/schema\/logo\/image\/\"},\"sameAs\":[\"https:\/\/www.instagram.com\/artdenouer\/\"]}]}<\/script>\n<!-- \/ Yoast SEO plugin. -->","yoast_head_json":{"title":"SCALE V, s\u00e9rie CLOSE-UP","description":"Derniers exemplaires, disponibles en stock, sur ARTDENOUER.COM et en rendez-vous priv\u00e9 du 10 au 20 d\u00e9cembre 2024.","robots":{"index":"index","follow":"follow","max-snippet":"max-snippet:-1","max-image-preview":"max-image-preview:large","max-video-preview":"max-video-preview:-1"},"canonical":"https:\/\/artdenouer.com\/fr\/produit\/scale-v-stock\/","og_locale":"fr_FR","og_type":"article","og_title":"SCALE V, s\u00e9rie CLOSE-UP.","og_description":"Derniers exemplaires, disponibles en stock, sur ARTDENOUER.COM et en rendez-vous priv\u00e9 du 10 au 20 d\u00e9cembre 2024.","og_url":"https:\/\/artdenouer.com\/fr\/produit\/scale-v-stock\/","og_site_name":"ARTDENOUER","article_modified_time":"2025-02-03T13:51:22+00:00","og_image":[{"width":1920,"height":2560,"url":"https:\/\/artdenouer.com\/wp-content\/uploads\/2024\/11\/SCALE_V-2.jpg","type":"image\/jpeg"}],"twitter_card":"summary_large_image","twitter_title":"SCALE VIII, s\u00e9rie CLOSE-UP.","twitter_description":"Edit\u00e9e \u00e0 150 exemplaires, la SCALE VIII ne sera disponible que 6 jours, en pr\u00e9commande, du 19 au 24 Mars 2024. La seule fois de l\u2019ann\u00e9e.","twitter_image":"https:\/\/artdenouer.com\/wp-content\/uploads\/2024\/02\/SCALE_VIII_1200x1600_16.jpg","twitter_misc":{"Dur\u00e9e de lecture estim\u00e9e":"6 minutes"},"schema":{"@context":"https:\/\/schema.org","@graph":[{"@type":"WebPage","@id":"https:\/\/artdenouer.com\/fr\/produit\/scale-v-stock\/","url":"https:\/\/artdenouer.com\/fr\/produit\/scale-v-stock\/","name":"SCALE V, s\u00e9rie CLOSE-UP","isPartOf":{"@id":"https:\/\/artdenouer.com\/fr\/#website"},"primaryImageOfPage":{"@id":"https:\/\/artdenouer.com\/fr\/produit\/scale-v-stock\/#primaryimage"},"image":{"@id":"https:\/\/artdenouer.com\/fr\/produit\/scale-v-stock\/#primaryimage"},"thumbnailUrl":"https:\/\/artdenouer.com\/wp-content\/uploads\/2024\/11\/SCALE_V-2.jpg","datePublished":"2024-11-19T12:03:25+00:00","dateModified":"2025-02-03T13:51:22+00:00","description":"Derniers exemplaires, disponibles en stock, sur ARTDENOUER.COM et en rendez-vous priv\u00e9 du 10 au 20 d\u00e9cembre 2024.","breadcrumb":{"@id":"https:\/\/artdenouer.com\/fr\/produit\/scale-v-stock\/#breadcrumb"},"inLanguage":"fr-FR","potentialAction":[{"@type":"ReadAction","target":["https:\/\/artdenouer.com\/fr\/produit\/scale-v-stock\/"]}]},{"@type":"ImageObject","inLanguage":"fr-FR","@id":"https:\/\/artdenouer.com\/fr\/produit\/scale-v-stock\/#primaryimage","url":"https:\/\/artdenouer.com\/wp-content\/uploads\/2024\/11\/SCALE_V-2.jpg","contentUrl":"https:\/\/artdenouer.com\/wp-content\/uploads\/2024\/11\/SCALE_V-2.jpg","width":1920,"height":2560},{"@type":"BreadcrumbList","@id":"https:\/\/artdenouer.com\/fr\/produit\/scale-v-stock\/#breadcrumb","itemListElement":[{"@type":"ListItem","position":1,"name":"Accueil","item":"https:\/\/artdenouer.com\/fr\/"},{"@type":"ListItem","position":2,"name":"The Shop","item":"https:\/\/artdenouer.com\/fr\/?page_id=5"},{"@type":"ListItem","position":3,"name":"SCALE V (stock)"}]},{"@type":"WebSite","@id":"https:\/\/artdenouer.com\/fr\/#website","url":"https:\/\/artdenouer.com\/fr\/","name":"ARTDENOUER","description":"Sculptures \u00e0 porter","publisher":{"@id":"https:\/\/artdenouer.com\/fr\/#organization"},"potentialAction":[{"@type":"SearchAction","target":{"@type":"EntryPoint","urlTemplate":"https:\/\/artdenouer.com\/fr\/?s={search_term_string}"},"query-input":"required name=search_term_string"}],"inLanguage":"fr-FR"},{"@type":"Organization","@id":"https:\/\/artdenouer.com\/fr\/#organization","name":"ARTDENOUER","url":"https:\/\/artdenouer.com\/fr\/","logo":{"@type":"ImageObject","inLanguage":"fr-FR","@id":"https:\/\/artdenouer.com\/fr\/#\/schema\/logo\/image\/","url":"https:\/\/artdenouer.com\/wp-content\/uploads\/2023\/09\/161013_logotype_3mm.png","contentUrl":"https:\/\/artdenouer.com\/wp-content\/uploads\/2023\/09\/161013_logotype_3mm.png","width":301,"height":45,"caption":"ARTDENOUER"},"image":{"@id":"https:\/\/artdenouer.com\/fr\/#\/schema\/logo\/image\/"},"sameAs":["https:\/\/www.instagram.com\/artdenouer\/"]}]}},"_links":{"self":[{"href":"https:\/\/artdenouer.com\/fr\/wp-json\/wp\/v2\/product\/14988"}],"collection":[{"href":"https:\/\/artdenouer.com\/fr\/wp-json\/wp\/v2\/product"}],"about":[{"href":"https:\/\/artdenouer.com\/fr\/wp-json\/wp\/v2\/types\/product"}],"wp:featuredmedia":[{"embeddable":true,"href":"https:\/\/artdenouer.com\/fr\/wp-json\/wp\/v2\/media\/15088"}],"wp:attachment":[{"href":"https:\/\/artdenouer.com\/fr\/wp-json\/wp\/v2\/media?parent=14988"}],"wp:term":[{"taxonomy":"product_cat","embeddable":true,"href":"https:\/\/artdenouer.com\/fr\/wp-json\/wp\/v2\/product_cat?post=14988"},{"taxonomy":"product_tag","embeddable":true,"href":"https:\/\/artdenouer.com\/fr\/wp-json\/wp\/v2\/product_tag?post=14988"}],"curies":[{"name":"wp","href":"https:\/\/api.w.org\/{rel}","templated":true}]}}