{"id":15602,"date":"2025-02-25T21:36:27","date_gmt":"2025-02-25T19:36:27","guid":{"rendered":"https:\/\/artdenouer.com\/?post_type=product&#038;p=15602"},"modified":"2025-06-13T06:46:29","modified_gmt":"2025-06-13T04:46:29","slug":"ma-02-2025","status":"publish","type":"product","link":"https:\/\/artdenouer.com\/fr\/produit\/ma-02-2025\/","title":{"rendered":"MA 02 (pr\u00e9commande)"},"content":{"rendered":"<section class=\"wpb-content-wrapper\"><p>[vc_row][vc_column css=&#8221;.vc_custom_1726227413890{padding: 0px !important;border: 0px initial !important;}&#8221;][\/vc_column][\/vc_row][vc_row][vc_column css=&#8221;.vc_custom_1726493166289{padding-top: 0px !important;padding-right: 0px !important;padding-bottom: 0px !important;padding-left: 0px !important;}&#8221; offset=&#8221;vc_hidden-lg vc_hidden-md vc_hidden-sm vc_hidden-xs&#8221;][vc_single_image image=&#8221;14297&#8243; img_size=&#8221;full&#8221;][\/vc_column][\/vc_row][vc_row][vc_column css=&#8221;.vc_custom_1726492846064{padding-top: 0px !important;padding-right: 0px !important;padding-bottom: 0px !important;padding-left: 0px !important;}&#8221; offset=&#8221;vc_hidden-lg vc_hidden-md vc_hidden-sm vc_hidden-xs&#8221;][vc_single_image image=&#8221;14358&#8243; img_size=&#8221;full&#8221;][\/vc_column][\/vc_row][vc_row][vc_column css=&#8221;.vc_custom_1726492852304{padding-top: 0px !important;padding-right: 0px !important;padding-bottom: 0px !important;padding-left: 0px !important;}&#8221; offset=&#8221;vc_hidden-lg vc_hidden-md vc_hidden-sm vc_hidden-xs&#8221;][vc_single_image image=&#8221;14311&#8243; img_size=&#8221;full&#8221;][\/vc_column][\/vc_row][vc_row][vc_column][vc_empty_space height=&#8221;50px&#8221;][\/vc_column][\/vc_row][vc_row][vc_column][vc_column_text el_class=&#8221;ad-text-normal&#8221;]<\/p>\n<p style=\"text-align: center;\"><b>\u00c0 PROPOS<\/b><\/p>\n<p>[\/vc_column_text][\/vc_column][\/vc_row][vc_row][vc_column][vc_empty_space height=&#8221;50px&#8221;][\/vc_column][\/vc_row][vc_row][vc_column][vc_column_text el_class=&#8221;ad-text-normal&#8221; css=&#8221;.vc_custom_1726323289305{padding-right: 10px !important;padding-left: 10px !important;}&#8221;]<strong>Elle m\u2019a plu tout de suite. Je ne sais pas pourquoi. Sa nonchalance, peut-\u00eatre. <\/strong><strong>Quand on la voit, on se demande comment. <\/strong><strong>Elle me plaisait comme \u00e7a, insaisissable. <\/strong><strong>Dans sa fa\u00e7on de cacher, de ne pas expliquer, comme si rien ne comptait.<\/strong>[\/vc_column_text][\/vc_column][\/vc_row][vc_row][vc_column width=&#8221;1\/2&#8243; css=&#8221;.vc_custom_1726227413890{padding: 0px !important;border: 0px initial !important;}&#8221;][vc_single_image image=&#8221;14309&#8243; img_size=&#8221;full&#8221;][\/vc_column][vc_column width=&#8221;1\/2&#8243; css=&#8221;.vc_custom_1726227428614{padding: 0px !important;border: 0px initial !important;}&#8221;][vc_single_image image=&#8221;14233&#8243; img_size=&#8221;full&#8221;][\/vc_column][\/vc_row][vc_row][vc_column][vc_column_text el_class=&#8221;ad-text-normal&#8221; css=&#8221;.vc_custom_1726323310186{padding-right: 10px !important;padding-left: 10px !important;}&#8221;]<strong>Jonction fondue. <\/strong><strong>On \u00e9tire le m\u00e9tal comme on \u00e9tire le temps. <\/strong><strong>Trait continu, l<\/strong><strong>igne organique, a<\/strong><strong>llure rac\u00e9e, e<\/strong><strong>lle se tient et joue la verticalit\u00e9. <\/strong><strong>Elle rehausse les lignes du visage, \u00e9prise dans une \u00e9treinte discr\u00e8te.<\/strong>[\/vc_column_text][\/vc_column][\/vc_row][vc_row][vc_column width=&#8221;1\/2&#8243; css=&#8221;.vc_custom_1726227413890{padding: 0px !important;border: 0px initial !important;}&#8221;][vc_single_image image=&#8221;14235&#8243; img_size=&#8221;full&#8221;][\/vc_column][vc_column width=&#8221;1\/2&#8243; css=&#8221;.vc_custom_1726227428614{padding: 0px !important;border: 0px initial !important;}&#8221;][vc_single_image image=&#8221;14299&#8243; img_size=&#8221;full&#8221;][\/vc_column][\/vc_row][vc_row][vc_column][vc_column_text el_class=&#8221;ad-text-normal&#8221; css=&#8221;.vc_custom_1726323319606{padding-right: 10px !important;padding-left: 10px !important;}&#8221;]<strong>Elle semble flotter, tout en \u00e9tant ancr\u00e9e. <\/strong><strong>Elle est un geste vers le haut. <\/strong><strong>Ce moment o\u00f9 tout se d\u00e9colle, o\u00f9 \u00e7a monte, o\u00f9 \u00e7a quitte le sol et s\u2019arrache de la gravit\u00e9. <\/strong><strong>Elle peut d\u00e9sormais respirer.<\/strong>[\/vc_column_text][\/vc_column][\/vc_row][vc_row][vc_column width=&#8221;1\/2&#8243; css=&#8221;.vc_custom_1726227413890{padding: 0px !important;border: 0px initial !important;}&#8221;][vc_single_image image=&#8221;14239&#8243; img_size=&#8221;full&#8221;][\/vc_column][vc_column width=&#8221;1\/2&#8243; css=&#8221;.vc_custom_1726227428614{padding: 0px !important;border: 0px initial !important;}&#8221;][vc_single_image image=&#8221;14241&#8243; img_size=&#8221;full&#8221;][\/vc_column][\/vc_row][vc_row][vc_column][vc_column_text el_class=&#8221;ad-text-normal&#8221; css=&#8221;.vc_custom_1726326455509{padding-right: 10px !important;padding-left: 10px !important;}&#8221;]<strong>Elle raconte que c\u2019est facile et r\u00e9confortant. <\/strong><strong>Parce qu\u2019elle n\u2019impose rien. <\/strong><strong>Parce qu\u2019elle n\u2019exige pas d\u2019\u00eatre celle que l\u2019on n\u2019est pas. <\/strong><strong>Elle compose avec l\u2019existant ou le renouveau que l\u2019on pr\u00e9tend.<\/strong>[\/vc_column_text][\/vc_column][\/vc_row][vc_row][vc_column width=&#8221;1\/2&#8243; css=&#8221;.vc_custom_1726227413890{padding: 0px !important;border: 0px initial !important;}&#8221;][vc_single_image image=&#8221;14293&#8243; img_size=&#8221;full&#8221;][\/vc_column][vc_column width=&#8221;1\/2&#8243; css=&#8221;.vc_custom_1726227428614{padding: 0px !important;border: 0px initial !important;}&#8221;][vc_single_image image=&#8221;14245&#8243; img_size=&#8221;full&#8221;][\/vc_column][\/vc_row][vc_row][vc_column][vc_column_text el_class=&#8221;ad-text-normal&#8221; css=&#8221;.vc_custom_1726495207141{padding-right: 10px !important;padding-left: 10px !important;}&#8221;]<strong><em>\u00ab C\u2019est dans une p\u00e9riode trouble que je l\u2019ai cr\u00e9\u00e9e et pourtant c\u2019est celle qui se tient la plus droite de toutes mes cr\u00e9ations \u00bb. <\/em><\/strong><strong>Elle est n\u00e9e comme \u00e7a. <\/strong><strong>En silence et en fusion.<\/strong>[\/vc_column_text][\/vc_column][\/vc_row][vc_row][vc_column width=&#8221;1\/2&#8243; css=&#8221;.vc_custom_1726227413890{padding: 0px !important;border: 0px initial !important;}&#8221;][vc_single_image image=&#8221;14249&#8243; img_size=&#8221;full&#8221;][\/vc_column][vc_column width=&#8221;1\/2&#8243; css=&#8221;.vc_custom_1726227428614{padding: 0px !important;border: 0px initial !important;}&#8221;][vc_single_image image=&#8221;14253&#8243; img_size=&#8221;full&#8221;][\/vc_column][\/vc_row][vc_row][vc_column][vc_empty_space height=&#8221;50px&#8221;][\/vc_column][\/vc_row][vc_row][vc_column][vc_column_text el_class=&#8221;ad-text-normal&#8221;]<\/p>\n<p style=\"text-align: center;\"><b>\u00c0 LA PAIRE OU EN TRIO<\/b><\/p>\n<p>[\/vc_column_text][vc_empty_space height=&#8221;50px&#8221;][vc_column_text el_class=&#8221;ad-text-normal&#8221; css=&#8221;.vc_custom_1726495127993{padding-right: 10px !important;padding-left: 10px !important;}&#8221;]<b>3 compositions parmi les 18 existantes. En cas d&#8217;h\u00e9sitation, <a href=\"https:\/\/artdenouer.com\/fr\/contact\/\" target=\"_blank\" rel=\"noopener\"><u>contactez directement Anna<\/u><\/a>.<\/b>[\/vc_column_text][\/vc_column][\/vc_row][vc_row css=&#8221;.vc_custom_1726454096520{margin: 0px !important;}&#8221;][vc_column width=&#8221;1\/3&#8243; css=&#8221;.vc_custom_1726227413890{padding: 0px !important;border: 0px initial !important;}&#8221;][vc_single_image image=&#8221;14183&#8243; img_size=&#8221;full&#8221;][vc_column_text el_class=&#8221;mobile-padding-restore&#8221; css=&#8221;.vc_custom_1742845638009{padding-top: 0px !important;padding-right: 10px !important;padding-bottom: 0px !important;padding-left: 10px !important;}&#8221;]<b>MA 02, s\u00e9rie <em>Anatomie du MA<\/em>.<br \/>\n<\/b><b>Paire en Argent massif<br \/>\n590\u20ac<\/b>[\/vc_column_text][\/vc_column][vc_column width=&#8221;1\/3&#8243; css=&#8221;.vc_custom_1726227428614{padding: 0px !important;border: 0px initial !important;}&#8221;][vc_single_image image=&#8221;14187&#8243; img_size=&#8221;full&#8221;][vc_column_text el_class=&#8221;mobile-padding-restore&#8221; css=&#8221;.vc_custom_1742845646125{padding-top: 0px !important;padding-right: 10px !important;padding-bottom: 0px !important;padding-left: 10px !important;}&#8221;]<b>MA 02, s\u00e9rie <em>Anatomie du MA<\/em>.<br \/>\n<\/b><b>Trio Plaqu\u00e9 Or Jaune 24 carats<br \/>\n<\/b><b>(petit mod\u00e8le)<br \/>\n790\u20ac<\/b>[\/vc_column_text][\/vc_column][vc_column width=&#8221;1\/3&#8243; css=&#8221;.vc_custom_1726454057888{padding: 0px !important;}&#8221;][vc_single_image image=&#8221;14185&#8243; img_size=&#8221;full&#8221;][vc_column_text el_class=&#8221;mobile-padding-restore-2&#8243; css=&#8221;.vc_custom_1742845670442{padding-top: 0px !important;padding-right: 10px !important;padding-bottom: 0px !important;padding-left: 10px !important;}&#8221;]<b>MA 02, s\u00e9rie <em>Anatomie du MA<\/em>.<br \/>\n<\/b><b>Trio bicolore Argent \/ Or Jaune<\/b><br \/>\n<b>(grand mod\u00e8le)<br \/>\n890\u20ac<\/b>[\/vc_column_text][\/vc_column][\/vc_row][vc_row el_id=&#8221;rdv-prives&#8221;][vc_column][vc_empty_space height=&#8221;50px&#8221;][vc_column_text el_class=&#8221;ad-text-normal&#8221; el_id=&#8221;rdv-prives&#8221;]<\/p>\n<p style=\"text-align: center;\"><b>RENDEZ-VOUS PRIV\u00c9S<\/b><\/p>\n<p>[\/vc_column_text][vc_column_text el_class=&#8221;ad-text-normal&#8221; css=&#8221;.vc_custom_1749368677121{padding-right: 10px !important;padding-left: 10px !important;}&#8221;]<\/p>\n<div class=\"wpb_text_column wpb_content_element vc_custom_1732017029526 ad-text-normal\">\n<div class=\"wpb_wrapper\">\n<p><b>D<\/b><b>u<\/b><b> mardi 10 au jeudi 12 Juin 2025, Anna se livre au face \u00e0 face pour vous faire vivre l\u2019exp\u00e9rience de la rencontre. \u00c0 Paris ou en visioconf\u00e9rence, tous les jours de 10h \u00e0 20h. Trente minutes pour s\u2019impr\u00e9gner, comprendre et s\u2019\u00e9mouvoir.<\/b><\/p>\n<\/div>\n<\/div>\n<p>[\/vc_column_text][\/vc_column][\/vc_row][vc_row][vc_column width=&#8221;1\/2&#8243; css=&#8221;.vc_custom_1726227413890{padding: 0px !important;border: 0px initial !important;}&#8221;][vc_single_image image=&#8221;14255&#8243; img_size=&#8221;full&#8221; onclick=&#8221;custom_link&#8221; img_link_target=&#8221;_blank&#8221; link=&#8221;https:\/\/artdenouer.com\/fr\/rendez-vous-prives\/&#8221;][\/vc_column][vc_column width=&#8221;1\/2&#8243; css=&#8221;.vc_custom_1726227428614{padding: 0px !important;border: 0px initial !important;}&#8221;][vc_single_image image=&#8221;14257&#8243; img_size=&#8221;full&#8221; onclick=&#8221;custom_link&#8221; img_link_target=&#8221;_blank&#8221; link=&#8221;https:\/\/artdenouer.com\/fr\/rendez-vous-prives\/&#8221;][\/vc_column][\/vc_row][vc_row][vc_column width=&#8221;1\/2&#8243;][vc_column_text el_class=&#8221;ad-text-normal&#8221; css=&#8221;.vc_custom_1697399994553{padding-right: 10px !important;padding-left: 10px !important;}&#8221;]<b>Essayages \u00e0 Paris<\/b>[\/vc_column_text][vc_column_text el_class=&#8221;ad-text-normal&#8221; css=&#8221;.vc_custom_1726495724259{padding-right: 10px !important;padding-left: 10px !important;}&#8221;]<b>Anna vous re\u00e7oit dans l\u2019intimit\u00e9 du <i>Parister<\/i>, h\u00f4tel particulier du IXe arrondissement<\/b><b>. <a href=\"https:\/\/artdenouer.com\/fr\/rendez-vous-prives\/\" target=\"_blank\" rel=\"noopener\"><strong><u>Un rendez-vous priv\u00e9<\/u><\/strong><\/a> de 30 minutes pour vous approprier le port\u00e9 singulier et multiple de la MA 02, et ressentir comment ses courbes fusionnent avec votre corps et esprit. Pr\u00e9commande possible<\/b><b>\u00a0sur place.<\/b>[\/vc_column_text][\/vc_column][vc_column width=&#8221;1\/2&#8243;][vc_column_text el_class=&#8221;ad-text-normal&#8221; css=&#8221;.vc_custom_1697400000323{padding-right: 10px !important;padding-left: 10px !important;}&#8221;]<b>Conseils en visioconf\u00e9rence<\/b>[\/vc_column_text][vc_column_text el_class=&#8221;ad-text-normal&#8221; css=&#8221;.vc_custom_1726495740128{padding-right: 10px !important;padding-left: 10px !important;}&#8221;]<b>P<\/b><b>our vous qui \u00eates loin<\/b>\u00a0<b>de Paris ou qui pr\u00e9f\u00e9rez \u00e9viter les d\u00e9placements, <a href=\"https:\/\/artdenouer.com\/fr\/rendez-vous-prives\/\" target=\"_blank\" rel=\"noopener\"><strong><u>Anna\u00a0transpose l\u2019exp\u00e9rience en visioconf\u00e9rence<\/u><\/strong><\/a>. <\/b><b>Au travers de ses gestes et une immersion visuel HD, vous saisirez les d\u00e9tails et la fluidit\u00e9 de sa cr\u00e9ation organique. Cette c<\/b><b>ommunication instantan\u00e9e\u00a0<\/b><b>vous donnera acc\u00e8s aux savoirs du designer et \u00e0 ses c<\/b><b>onseils personnalis\u00e9s en direct.<\/b>[\/vc_column_text][\/vc_column][\/vc_row][vc_row][vc_column][vc_column_text el_class=&#8221;ad-text-normal&#8221; css=&#8221;.vc_custom_1726495752692{padding-right: 10px !important;padding-left: 10px !important;}&#8221;]<b>R\u00e9servez, d\u00e8s maintenant, votre <\/b><b>rendez-vous priv\u00e9 <\/b><a href=\"https:\/\/artdenouer.com\/fr\/rendez-vous-prives\/\" target=\"_blank\" rel=\"noopener\"><u><b>ici<\/b><\/u><\/a><b>.<\/b>[\/vc_column_text][\/vc_column][\/vc_row][vc_row][vc_column][vc_empty_space height=&#8221;50px&#8221;][\/vc_column][\/vc_row][vc_row][vc_column][vc_column_text el_class=&#8221;ad-text-normal&#8221;]<\/p>\n<p style=\"text-align: center;\"><b>VOIR PLUS<\/b><\/p>\n<p>[\/vc_column_text][\/vc_column][\/vc_row][vc_row][vc_column offset=&#8221;vc_hidden-sm vc_hidden-xs&#8221;][vc_single_image image=&#8221;14283&#8243; img_size=&#8221;full&#8221;][vc_column_text el_class=&#8221;ad-text-normal mobile-padding-restore-2&#8243; css=&#8221;.vc_custom_1726494292559{padding-right: 10px !important;padding-left: 10px !important;}&#8221;]<b>Textes et vid\u00e9os publi\u00e9s sur Substack :<\/b><\/p>\n<p><b><a href=\"https:\/\/artdenouer.substack.com\/p\/elle-ma-tout-de-suite-plus-je-ne?r=29ezq4\" target=\"_blank\" rel=\"noopener\">\u00c9pisode 01 \u2014 De l&#8217;id\u00e9e au processus de cr\u00e9ation<\/a><br \/>\n<\/b><a href=\"https:\/\/artdenouer.substack.com\/p\/jusquou-vas-tu-oser?r=29ezq4\" target=\"_blank\" rel=\"noopener\"><strong>\u00c9pisode 02 \u2014 <\/strong><strong>R\u00e9v\u00e9lation du trio en Plaqu\u00e9 Or Jaune<\/strong><\/a><br \/>\n<b><\/b><a href=\"https:\/\/artdenouer.substack.com\/p\/il-fallait-quelque-chose-de-radical?r=29ezq4\" target=\"_blank\" rel=\"noopener\"><b>\u00c9pisode 03 \u2014 D\u00e9clinaison Argent massif et bicolore<\/b><\/a>[\/vc_column_text][\/vc_column][\/vc_row][vc_row][vc_column offset=&#8221;vc_hidden-lg vc_hidden-md&#8221;][vc_single_image image=&#8221;14285&#8243; img_size=&#8221;full&#8221;][vc_column_text el_class=&#8221;ad-text-normal mobile-padding-restore-2&#8243; css=&#8221;.vc_custom_1726494234289{padding-right: 10px !important;padding-left: 10px !important;}&#8221;]<b>Textes et vid\u00e9os publi\u00e9s sur Substack :<\/b><\/p>\n<p><b><a href=\"https:\/\/artdenouer.substack.com\/p\/elle-ma-tout-de-suite-plus-je-ne?r=29ezq4\" target=\"_blank\" rel=\"noopener\">\u00c9pisode 01 \u2014 De l&#8217;id\u00e9e au processus de cr\u00e9ation<\/a><\/b><\/p>\n<p><a href=\"https:\/\/artdenouer.substack.com\/p\/jusquou-vas-tu-oser?r=29ezq4\" target=\"_blank\" rel=\"noopener\"><strong>\u00c9pisode 02 \u2014 <\/strong><strong>R\u00e9v\u00e9lation du trio en Plaqu\u00e9 Or Jaune<\/strong><\/a><\/p>\n<p><b><\/b><a href=\"https:\/\/artdenouer.substack.com\/p\/il-fallait-quelque-chose-de-radical?r=29ezq4\" target=\"_blank\" rel=\"noopener\"><b>\u00c9pisode 03 \u2014 D\u00e9clinaison Argent massif et bicolore<\/b><\/a>[\/vc_column_text][\/vc_column][\/vc_row][vc_row][vc_column][vc_empty_space height=&#8221;100px&#8221;][\/vc_column][\/vc_row][vc_row][vc_column][vc_column_text el_class=&#8221;ad-text-xl&#8221;]<\/p>\n<p style=\"text-align: center;\"><b>FAQ<\/b><\/p>\n<p>[\/vc_column_text][\/vc_column][\/vc_row][vc_row][vc_column][vc_empty_space height=&#8221;50px&#8221;][\/vc_column][\/vc_row][vc_row][vc_column width=&#8221;1\/2&#8243;][vc_column_text el_class=&#8221;ad-text-normal&#8221; css=&#8221;.vc_custom_1724150179557{padding-right: 10px !important;padding-left: 10px !important;}&#8221;]<strong>Dois-je \u00eatre perc\u00e9e pour porter la MA 02 ?<\/strong>[\/vc_column_text][\/vc_column][vc_column width=&#8221;1\/2&#8243;][vc_column_text el_class=&#8221;ad-text-normal&#8221; css=&#8221;.vc_custom_1726495908477{padding-right: 10px !important;padding-left: 10px !important;}&#8221;]<strong>Oui, il faut \u00eatre perc\u00e9e au niveau du lobe. Aucun percing au tragus n&#8217;est n\u00e9cessaire pour le grand mod\u00e8le, car la boucle du haut se maintient gr\u00e2ce \u00e0 un anneau ouvert.<\/strong>[\/vc_column_text][\/vc_column][\/vc_row][vc_row][vc_column width=&#8221;1\/2&#8243;][vc_column_text el_class=&#8221;ad-text-normal&#8221; css=&#8221;.vc_custom_1724150882918{padding-right: 10px !important;padding-left: 10px !important;}&#8221;]<strong>La MA 02 est-elle adapt\u00e9e \u00e0 tous les lobes ?<\/strong>[\/vc_column_text][\/vc_column][vc_column width=&#8221;1\/2&#8243;][vc_column_text el_class=&#8221;ad-text-normal&#8221; css=&#8221;.vc_custom_1727906939456{padding-right: 10px !important;padding-left: 10px !important;}&#8221;]<strong>Oui, test\u00e9e sur plus de 30 femmes et ajust\u00e9e pour convenir \u00e0 tous les lobes jusqu&#8217;\u00e0 2,5 cm de hauteur, la MA 02 peut \u00eatre port\u00e9e par pr\u00e8s de 95 % des femmes.<\/strong>[\/vc_column_text][\/vc_column][\/vc_row][vc_row][vc_column width=&#8221;1\/2&#8243;][vc_column_text el_class=&#8221;ad-text-normal&#8221; css=&#8221;.vc_custom_1724149002269{padding-right: 10px !important;padding-left: 10px !important;}&#8221;]<strong>Les mod\u00e8les sont-ils interchangeables entre les oreilles ?<\/strong>[\/vc_column_text][\/vc_column][vc_column width=&#8221;1\/2&#8243;][vc_column_text el_class=&#8221;ad-text-normal&#8221; css=&#8221;.vc_custom_1724148990767{padding-right: 10px !important;padding-left: 10px !important;}&#8221;]<strong>Non, chaque mod\u00e8le est destin\u00e9 \u00e0 une oreille sp\u00e9cifique et n&#8217;est pas interchangeable. Par exemple, le grand mod\u00e8le pour l&#8217;oreille gauche ne peut pas \u00eatre port\u00e9 \u00e0 l&#8217;oreille droite, et vice versa. Cela est fait pour s&#8217;adapter parfaitement \u00e0 la courbure naturelle de chaque oreille, garantissant un confort optimal et un alignement esth\u00e9tique.<\/strong>[\/vc_column_text][\/vc_column][\/vc_row][vc_row][vc_column width=&#8221;1\/2&#8243;][vc_column_text el_class=&#8221;ad-text-normal&#8221; css=&#8221;.vc_custom_1724148626379{padding-right: 10px !important;padding-left: 10px !important;}&#8221;]<strong>Comment l&#8217;option trio permet-elle de varier les styles ?\u00a0<\/strong>[\/vc_column_text][\/vc_column][vc_column width=&#8221;1\/2&#8243;][vc_column_text el_class=&#8221;ad-text-normal&#8221; css=&#8221;.vc_custom_1724148682535{padding-right: 10px !important;padding-left: 10px !important;}&#8221;]<strong>L&#8217;option trio offre une grande flexibilit\u00e9. En ajoutant une troisi\u00e8me pi\u00e8ce \u00e0 la paire initiale, par exemple le petit mod\u00e8le \u00e0 l&#8217;oreille droite, vous pouvez : 1) Porter le trio complet pour un style unique, 2) Porter la paire d\u00e9pareill\u00e9e pour un look asym\u00e9trique, ou 3) Porter uniquement la paire de petits mod\u00e8les pour un style classique. Cette option vous permet de cr\u00e9er plusieurs combinaisons pour diff\u00e9rents styles et occasions.<\/strong>[\/vc_column_text][\/vc_column][\/vc_row][vc_row][vc_column width=&#8221;1\/2&#8243;][vc_column_text el_class=&#8221;ad-text-normal&#8221; css=&#8221;.vc_custom_1724148548500{padding-right: 10px !important;padding-left: 10px !important;}&#8221;]<strong>Les boucles de la MA 02 sont-elles lourdes ?<\/strong>[\/vc_column_text][\/vc_column][vc_column width=&#8221;1\/2&#8243;][vc_column_text el_class=&#8221;ad-text-normal&#8221; css=&#8221;.vc_custom_1726294625859{padding-right: 10px !important;padding-left: 10px !important;}&#8221;]<strong>Non, les boucles de la MA 02 sont extr\u00eamement l\u00e9g\u00e8res et confortables. Le grand mod\u00e8le p\u00e8se 5 grammes et le petit, 4 grammes, ce qui vous permet de les porter toute la journ\u00e9e sans les sentir.<\/strong>[\/vc_column_text][\/vc_column][\/vc_row][vc_row][vc_column width=&#8221;1\/2&#8243;][vc_column_text el_class=&#8221;ad-text-normal&#8221; css=&#8221;.vc_custom_1724151358153{padding-right: 10px !important;padding-left: 10px !important;}&#8221;]<strong>Sont-elles hypoallerg\u00e9niques et de quels mat\u00e9riaux sont-elles faites ?<\/strong>[\/vc_column_text][\/vc_column][vc_column width=&#8221;1\/2&#8243;][vc_column_text el_class=&#8221;ad-text-normal&#8221; css=&#8221;.vc_custom_1724151521188{padding-right: 10px !important;padding-left: 10px !important;}&#8221;]<strong>Oui, la MA 02 est hypoallerg\u00e9nique. L&#8217;Argent massif est naturellement non irritant, et le Plaqu\u00e9 Or Jaune avec une \u00e9paisseur de 3 microns garantit une finition durable et sans nickel, minimisant ainsi les r\u00e9actions allergiques.<\/strong>[\/vc_column_text][\/vc_column][\/vc_row][vc_row][vc_column width=&#8221;1\/2&#8243;][vc_column_text el_class=&#8221;ad-text-normal&#8221; css=&#8221;.vc_custom_1724148458733{padding-right: 10px !important;padding-left: 10px !important;}&#8221;]<strong>Puis-je essayer les boucles avant d&#8217;acheter ?<\/strong>[\/vc_column_text][\/vc_column][vc_column width=&#8221;1\/2&#8243;][vc_column_text el_class=&#8221;ad-text-normal&#8221; css=&#8221;.vc_custom_1749368708535{padding-right: 10px !important;padding-left: 10px !important;}&#8221;]<strong>Oui, des rendez-vous priv\u00e9s \u00e0 Paris seront disponibles du 10 au 12 Juin 2025 pour essayer les boucles et choisir la version qui vous convient le mieux. R\u00e9servez d\u00e8s maintenant votre cr\u00e9neau <a href=\"https:\/\/artdenouer.com\/fr\/rendez-vous-prives\/\" target=\"_blank\" rel=\"noopener\">ici<\/a>.<\/strong>[\/vc_column_text][\/vc_column][\/vc_row][vc_row][vc_column width=&#8221;1\/2&#8243;][vc_column_text el_class=&#8221;ad-text-normal&#8221; css=&#8221;.vc_custom_1724148367831{padding-right: 10px !important;padding-left: 10px !important;}&#8221;]<strong>Combien de temps dure un essayage en rendez-vous priv\u00e9 ?<\/strong>[\/vc_column_text][\/vc_column][vc_column width=&#8221;1\/2&#8243;][vc_column_text el_class=&#8221;ad-text-normal&#8221; css=&#8221;.vc_custom_1726496143950{padding-right: 10px !important;padding-left: 10px !important;}&#8221;]<strong>Trente minutes est pr\u00e9vu par invit\u00e9e. Cette dur\u00e9e est n\u00e9anmoins variable et propre \u00e0 chacune. Pour les plus press\u00e9es, il peut se d\u00e9rouler en 10 minutes. N\u2019h\u00e9sitez pas \u00e0 le mentionner en r\u00e9ponse \u00e0 notre confirmation de rendez-vous.<\/strong>[\/vc_column_text][\/vc_column][\/vc_row][vc_row][vc_column width=&#8221;1\/2&#8243;][vc_column_text el_class=&#8221;ad-text-normal&#8221; css=&#8221;.vc_custom_1724148004162{padding-right: 10px !important;padding-left: 10px !important;}&#8221;]<strong>Quels modes de paiement sont accept\u00e9s ?<\/strong>[\/vc_column_text][\/vc_column][vc_column width=&#8221;1\/2&#8243;][vc_column_text el_class=&#8221;ad-text-normal&#8221; css=&#8221;.vc_custom_1724148016762{padding-right: 10px !important;padding-left: 10px !important;}&#8221;]<strong>Sur le e-shop, vous pouvez payer par carte bancaire. Lors des rendez-vous priv\u00e9s, nous acceptons \u00e9galement les paiements par carte bancaire, virement instantan\u00e9, ch\u00e8que et esp\u00e8ces.<\/strong>[\/vc_column_text][\/vc_column][\/vc_row][vc_row][vc_column width=&#8221;1\/2&#8243;][vc_column_text el_class=&#8221;ad-text-normal&#8221; css=&#8221;.vc_custom_1697400150386{padding-right: 10px !important;padding-left: 10px !important;}&#8221;]<b>Puis-je payer en plusieurs fois ?\u00a0<\/b>[\/vc_column_text][\/vc_column][vc_column width=&#8221;1\/2&#8243;][vc_column_text el_class=&#8221;ad-text-normal&#8221; css=&#8221;.vc_custom_1742845765091{padding-right: 10px !important;padding-left: 10px !important;}&#8221;]<strong>Oui, vous pouvez r\u00e9gler en 2, 3 ou 4 fois sans frais, en toute s\u00e9curit\u00e9 via notre partenaire ALMA. Ce service est disponible pour les commandes en ligne comme en rendez-vous priv\u00e9.\u00a0<\/strong>[\/vc_column_text][\/vc_column][\/vc_row][vc_row][vc_column width=&#8221;1\/2&#8243;][vc_column_text el_class=&#8221;ad-text-normal&#8221; css=&#8221;.vc_custom_1697400161519{padding-right: 10px !important;padding-left: 10px !important;}&#8221;]<b>Comment bien l&#8217;entretenir ?\u00a0<\/b>[\/vc_column_text][\/vc_column][vc_column width=&#8221;1\/2&#8243;][vc_column_text el_class=&#8221;ad-text-normal&#8221; css=&#8221;.vc_custom_1724148115047{padding-right: 10px !important;padding-left: 10px !important;}&#8221;]<\/p>\n<p class=\"p1\"><strong>Pour pr\u00e9server leur \u00e9clat, retirez les boucles MA 02 avant de vous doucher ou de dormir. Rangez-les toujours dans leur \u00e9crin pour \u00e9viter l&#8217;oxydation. \u00c9vitez les contacts avec les cr\u00e8mes, parfums et produits chimiques, et nettoyez-les r\u00e9guli\u00e8rement avec un chiffon doux.<\/strong><\/p>\n<p>[\/vc_column_text][\/vc_column][\/vc_row][vc_row][vc_column width=&#8221;1\/2&#8243;][vc_column_text el_class=&#8221;ad-text-normal&#8221; css=&#8221;.vc_custom_1724149804866{padding-right: 10px !important;padding-left: 10px !important;}&#8221;]<b>Quand vais-je recevoir ma commande ?<\/b>[\/vc_column_text][\/vc_column][vc_column width=&#8221;1\/2&#8243;][vc_column_text el_class=&#8221;ad-text-normal&#8221; css=&#8221;.vc_custom_1749368455201{padding-right: 10px !important;padding-left: 10px !important;}&#8221;]<strong>Cette \u00e9dition est en stock. Votre MA 02 sera exp\u00e9di\u00e9e et livr\u00e9e sous 3 \u00e0 5 jours ouvr\u00e9s.\u00a0<\/strong>[\/vc_column_text][\/vc_column][\/vc_row][vc_row][vc_column][vc_empty_space height=&#8221;150px&#8221;][\/vc_column][\/vc_row]<\/p>\n<\/section>","protected":false},"excerpt":{"rendered":"<p><strong>MA 02, s\u00e9rie Anatomie du MA.<br \/>\nBoucles d&#8217;oreilles d\u00e9pareill\u00e9es pour oreilles perc\u00e9es, fabriqu\u00e9es en France. Disponibles en Plaqu\u00e9 Or jaune 24 carats et Argent massif, \u00e0 la paire ou en trio. La paire comprend le grand mod\u00e8le \u00e0 porter \u00e0 gauche et le petit mod\u00e8le, \u00e0 droite. Pour un trio unique, personnalisez votre troisi\u00e8me pi\u00e8ce en choisissant le mod\u00e8le, la finition, et l&#8217;oreille sur laquelle la porter. <\/strong><\/p>\n<p>&nbsp;<\/p>\n","protected":false},"featured_media":14227,"template":"","meta":{"_acf_changed":false},"product_cat":[266],"product_tag":[],"acf":[],"yoast_head":"<!-- This site is optimized with the Yoast SEO plugin v22.8 - https:\/\/yoast.com\/wordpress\/plugins\/seo\/ -->\n<title>MA 02, s\u00e9rie Anatomie du MA.<\/title>\n<meta name=\"description\" content=\"La SCALE IV est disponible du mardi 10 au jeudi 12 Juin, en stock limit\u00e9.\" \/>\n<meta name=\"robots\" content=\"index, follow, max-snippet:-1, max-image-preview:large, max-video-preview:-1\" \/>\n<link rel=\"canonical\" href=\"https:\/\/artdenouer.com\/fr\/produit\/ma-02-2025\/\" \/>\n<meta property=\"og:locale\" content=\"fr_FR\" \/>\n<meta property=\"og:type\" content=\"article\" \/>\n<meta property=\"og:title\" content=\"MA 02, s\u00e9rie Anatomie du MA.\" \/>\n<meta property=\"og:description\" content=\"La MA 02 est actuellement disponible, en stock limit\u00e9.\" \/>\n<meta property=\"og:url\" content=\"https:\/\/artdenouer.com\/fr\/produit\/ma-02-2025\/\" \/>\n<meta property=\"og:site_name\" content=\"ARTDENOUER\" \/>\n<meta property=\"article:modified_time\" content=\"2025-06-13T04:46:29+00:00\" \/>\n<meta property=\"og:image\" content=\"https:\/\/artdenouer.com\/wp-content\/uploads\/2024\/08\/MA02_ARTDENOUER_1-scaled.jpg\" \/>\n\t<meta property=\"og:image:width\" content=\"1920\" \/>\n\t<meta property=\"og:image:height\" content=\"2560\" \/>\n\t<meta property=\"og:image:type\" content=\"image\/jpeg\" \/>\n<meta name=\"twitter:card\" content=\"summary_large_image\" \/>\n<meta name=\"twitter:title\" content=\"MA 02, s\u00e9rie Anatomie du MA.\" \/>\n<meta name=\"twitter:description\" content=\"La MA 02 est actuellement disponible, en stock limit\u00e9.\" \/>\n<meta name=\"twitter:image\" content=\"https:\/\/artdenouer.com\/wp-content\/uploads\/2024\/08\/MA02_ARTDENOUER_1-scaled.jpg\" \/>\n<meta name=\"twitter:label1\" content=\"Dur\u00e9e de lecture estim\u00e9e\" \/>\n\t<meta name=\"twitter:data1\" content=\"9 minutes\" \/>\n<script type=\"application\/ld+json\" class=\"yoast-schema-graph\">{\"@context\":\"https:\/\/schema.org\",\"@graph\":[{\"@type\":\"WebPage\",\"@id\":\"https:\/\/artdenouer.com\/fr\/produit\/ma-02-2025\/\",\"url\":\"https:\/\/artdenouer.com\/fr\/produit\/ma-02-2025\/\",\"name\":\"MA 02, s\u00e9rie Anatomie du MA.\",\"isPartOf\":{\"@id\":\"https:\/\/artdenouer.com\/fr\/#website\"},\"primaryImageOfPage\":{\"@id\":\"https:\/\/artdenouer.com\/fr\/produit\/ma-02-2025\/#primaryimage\"},\"image\":{\"@id\":\"https:\/\/artdenouer.com\/fr\/produit\/ma-02-2025\/#primaryimage\"},\"thumbnailUrl\":\"https:\/\/artdenouer.com\/wp-content\/uploads\/2024\/08\/MA02_ARTDENOUER_1-scaled.jpg\",\"datePublished\":\"2025-02-25T19:36:27+00:00\",\"dateModified\":\"2025-06-13T04:46:29+00:00\",\"description\":\"La SCALE IV est disponible du mardi 10 au jeudi 12 Juin, en stock limit\u00e9.\",\"breadcrumb\":{\"@id\":\"https:\/\/artdenouer.com\/fr\/produit\/ma-02-2025\/#breadcrumb\"},\"inLanguage\":\"fr-FR\",\"potentialAction\":[{\"@type\":\"ReadAction\",\"target\":[\"https:\/\/artdenouer.com\/fr\/produit\/ma-02-2025\/\"]}]},{\"@type\":\"ImageObject\",\"inLanguage\":\"fr-FR\",\"@id\":\"https:\/\/artdenouer.com\/fr\/produit\/ma-02-2025\/#primaryimage\",\"url\":\"https:\/\/artdenouer.com\/wp-content\/uploads\/2024\/08\/MA02_ARTDENOUER_1-scaled.jpg\",\"contentUrl\":\"https:\/\/artdenouer.com\/wp-content\/uploads\/2024\/08\/MA02_ARTDENOUER_1-scaled.jpg\",\"width\":1920,\"height\":2560},{\"@type\":\"BreadcrumbList\",\"@id\":\"https:\/\/artdenouer.com\/fr\/produit\/ma-02-2025\/#breadcrumb\",\"itemListElement\":[{\"@type\":\"ListItem\",\"position\":1,\"name\":\"Accueil\",\"item\":\"https:\/\/artdenouer.com\/fr\/\"},{\"@type\":\"ListItem\",\"position\":2,\"name\":\"The Shop\",\"item\":\"https:\/\/artdenouer.com\/fr\/?page_id=5\"},{\"@type\":\"ListItem\",\"position\":3,\"name\":\"MA 02 (pr\u00e9commande)\"}]},{\"@type\":\"WebSite\",\"@id\":\"https:\/\/artdenouer.com\/fr\/#website\",\"url\":\"https:\/\/artdenouer.com\/fr\/\",\"name\":\"ARTDENOUER\",\"description\":\"Sculptures \u00e0 porter\",\"publisher\":{\"@id\":\"https:\/\/artdenouer.com\/fr\/#organization\"},\"potentialAction\":[{\"@type\":\"SearchAction\",\"target\":{\"@type\":\"EntryPoint\",\"urlTemplate\":\"https:\/\/artdenouer.com\/fr\/?s={search_term_string}\"},\"query-input\":\"required name=search_term_string\"}],\"inLanguage\":\"fr-FR\"},{\"@type\":\"Organization\",\"@id\":\"https:\/\/artdenouer.com\/fr\/#organization\",\"name\":\"ARTDENOUER\",\"url\":\"https:\/\/artdenouer.com\/fr\/\",\"logo\":{\"@type\":\"ImageObject\",\"inLanguage\":\"fr-FR\",\"@id\":\"https:\/\/artdenouer.com\/fr\/#\/schema\/logo\/image\/\",\"url\":\"https:\/\/artdenouer.com\/wp-content\/uploads\/2023\/09\/161013_logotype_3mm.png\",\"contentUrl\":\"https:\/\/artdenouer.com\/wp-content\/uploads\/2023\/09\/161013_logotype_3mm.png\",\"width\":301,\"height\":45,\"caption\":\"ARTDENOUER\"},\"image\":{\"@id\":\"https:\/\/artdenouer.com\/fr\/#\/schema\/logo\/image\/\"},\"sameAs\":[\"https:\/\/www.instagram.com\/artdenouer\/\"]}]}<\/script>\n<!-- \/ Yoast SEO plugin. -->","yoast_head_json":{"title":"MA 02, s\u00e9rie Anatomie du MA.","description":"La SCALE IV est disponible du mardi 10 au jeudi 12 Juin, en stock limit\u00e9.","robots":{"index":"index","follow":"follow","max-snippet":"max-snippet:-1","max-image-preview":"max-image-preview:large","max-video-preview":"max-video-preview:-1"},"canonical":"https:\/\/artdenouer.com\/fr\/produit\/ma-02-2025\/","og_locale":"fr_FR","og_type":"article","og_title":"MA 02, s\u00e9rie Anatomie du MA.","og_description":"La MA 02 est actuellement disponible, en stock limit\u00e9.","og_url":"https:\/\/artdenouer.com\/fr\/produit\/ma-02-2025\/","og_site_name":"ARTDENOUER","article_modified_time":"2025-06-13T04:46:29+00:00","og_image":[{"width":1920,"height":2560,"url":"https:\/\/artdenouer.com\/wp-content\/uploads\/2024\/08\/MA02_ARTDENOUER_1-scaled.jpg","type":"image\/jpeg"}],"twitter_card":"summary_large_image","twitter_title":"MA 02, s\u00e9rie Anatomie du MA.","twitter_description":"La MA 02 est actuellement disponible, en stock limit\u00e9.","twitter_image":"https:\/\/artdenouer.com\/wp-content\/uploads\/2024\/08\/MA02_ARTDENOUER_1-scaled.jpg","twitter_misc":{"Dur\u00e9e de lecture estim\u00e9e":"9 minutes"},"schema":{"@context":"https:\/\/schema.org","@graph":[{"@type":"WebPage","@id":"https:\/\/artdenouer.com\/fr\/produit\/ma-02-2025\/","url":"https:\/\/artdenouer.com\/fr\/produit\/ma-02-2025\/","name":"MA 02, s\u00e9rie Anatomie du MA.","isPartOf":{"@id":"https:\/\/artdenouer.com\/fr\/#website"},"primaryImageOfPage":{"@id":"https:\/\/artdenouer.com\/fr\/produit\/ma-02-2025\/#primaryimage"},"image":{"@id":"https:\/\/artdenouer.com\/fr\/produit\/ma-02-2025\/#primaryimage"},"thumbnailUrl":"https:\/\/artdenouer.com\/wp-content\/uploads\/2024\/08\/MA02_ARTDENOUER_1-scaled.jpg","datePublished":"2025-02-25T19:36:27+00:00","dateModified":"2025-06-13T04:46:29+00:00","description":"La SCALE IV est disponible du mardi 10 au jeudi 12 Juin, en stock limit\u00e9.","breadcrumb":{"@id":"https:\/\/artdenouer.com\/fr\/produit\/ma-02-2025\/#breadcrumb"},"inLanguage":"fr-FR","potentialAction":[{"@type":"ReadAction","target":["https:\/\/artdenouer.com\/fr\/produit\/ma-02-2025\/"]}]},{"@type":"ImageObject","inLanguage":"fr-FR","@id":"https:\/\/artdenouer.com\/fr\/produit\/ma-02-2025\/#primaryimage","url":"https:\/\/artdenouer.com\/wp-content\/uploads\/2024\/08\/MA02_ARTDENOUER_1-scaled.jpg","contentUrl":"https:\/\/artdenouer.com\/wp-content\/uploads\/2024\/08\/MA02_ARTDENOUER_1-scaled.jpg","width":1920,"height":2560},{"@type":"BreadcrumbList","@id":"https:\/\/artdenouer.com\/fr\/produit\/ma-02-2025\/#breadcrumb","itemListElement":[{"@type":"ListItem","position":1,"name":"Accueil","item":"https:\/\/artdenouer.com\/fr\/"},{"@type":"ListItem","position":2,"name":"The Shop","item":"https:\/\/artdenouer.com\/fr\/?page_id=5"},{"@type":"ListItem","position":3,"name":"MA 02 (pr\u00e9commande)"}]},{"@type":"WebSite","@id":"https:\/\/artdenouer.com\/fr\/#website","url":"https:\/\/artdenouer.com\/fr\/","name":"ARTDENOUER","description":"Sculptures \u00e0 porter","publisher":{"@id":"https:\/\/artdenouer.com\/fr\/#organization"},"potentialAction":[{"@type":"SearchAction","target":{"@type":"EntryPoint","urlTemplate":"https:\/\/artdenouer.com\/fr\/?s={search_term_string}"},"query-input":"required name=search_term_string"}],"inLanguage":"fr-FR"},{"@type":"Organization","@id":"https:\/\/artdenouer.com\/fr\/#organization","name":"ARTDENOUER","url":"https:\/\/artdenouer.com\/fr\/","logo":{"@type":"ImageObject","inLanguage":"fr-FR","@id":"https:\/\/artdenouer.com\/fr\/#\/schema\/logo\/image\/","url":"https:\/\/artdenouer.com\/wp-content\/uploads\/2023\/09\/161013_logotype_3mm.png","contentUrl":"https:\/\/artdenouer.com\/wp-content\/uploads\/2023\/09\/161013_logotype_3mm.png","width":301,"height":45,"caption":"ARTDENOUER"},"image":{"@id":"https:\/\/artdenouer.com\/fr\/#\/schema\/logo\/image\/"},"sameAs":["https:\/\/www.instagram.com\/artdenouer\/"]}]}},"_links":{"self":[{"href":"https:\/\/artdenouer.com\/fr\/wp-json\/wp\/v2\/product\/15602"}],"collection":[{"href":"https:\/\/artdenouer.com\/fr\/wp-json\/wp\/v2\/product"}],"about":[{"href":"https:\/\/artdenouer.com\/fr\/wp-json\/wp\/v2\/types\/product"}],"wp:featuredmedia":[{"embeddable":true,"href":"https:\/\/artdenouer.com\/fr\/wp-json\/wp\/v2\/media\/14227"}],"wp:attachment":[{"href":"https:\/\/artdenouer.com\/fr\/wp-json\/wp\/v2\/media?parent=15602"}],"wp:term":[{"taxonomy":"product_cat","embeddable":true,"href":"https:\/\/artdenouer.com\/fr\/wp-json\/wp\/v2\/product_cat?post=15602"},{"taxonomy":"product_tag","embeddable":true,"href":"https:\/\/artdenouer.com\/fr\/wp-json\/wp\/v2\/product_tag?post=15602"}],"curies":[{"name":"wp","href":"https:\/\/api.w.org\/{rel}","templated":true}]}}