{"id":15790,"date":"2025-02-27T18:53:28","date_gmt":"2025-02-27T16:53:28","guid":{"rendered":"https:\/\/artdenouer.com\/?post_type=product&#038;p=15790"},"modified":"2025-06-13T06:45:32","modified_gmt":"2025-06-13T04:45:32","slug":"ma-01-2025","status":"publish","type":"product","link":"https:\/\/artdenouer.com\/fr\/produit\/ma-01-2025\/","title":{"rendered":"MA 01 (pr\u00e9commande)"},"content":{"rendered":"<section class=\"wpb-content-wrapper\"><p>[vc_row][vc_column width=&#8221;1\/3&#8243;][vc_column_text el_class=&#8221;ad-text-normal&#8221;]<\/p>\n<p style=\"text-align: center;\"><span style=\"color: #000000;\"><b>Uniquement<br \/>\nsur liste d&#8217;attente<\/b><\/span><\/p>\n<p>[\/vc_column_text][\/vc_column][vc_column width=&#8221;1\/3&#8243;][vc_column_text el_class=&#8221;ad-text-normal&#8221;]<\/p>\n<p style=\"text-align: center;\"><span style=\"color: #000000;\"><b>Option paiement<br \/>\nen <\/b><\/span><span style=\"color: #000000;\"><b>4 fois sans frais<\/b><\/span><\/p>\n<p>[\/vc_column_text][\/vc_column][vc_column width=&#8221;1\/3&#8243;][vc_column_text el_class=&#8221;ad-text-normal&#8221;]<\/p>\n<p style=\"text-align: center;\"><span style=\"color: #000000;\"><strong>Livraison internationale<br \/>\net offerte en France<\/strong><\/span><\/p>\n<p>[\/vc_column_text][\/vc_column][\/vc_row][vc_row][vc_column][vc_empty_space height=&#8221;100px&#8221;][\/vc_column][\/vc_row][vc_row][vc_column][vc_column_text el_class=&#8221;ad-text-xxl&#8221;]<\/p>\n<p style=\"text-align: center;\"><strong>\u00c0 propos<\/strong><\/p>\n<p>[\/vc_column_text][\/vc_column][\/vc_row][vc_row][vc_column][vc_empty_space height=&#8221;150px&#8221;][\/vc_column][\/vc_row][vc_row][vc_column][vc_column_text el_class=&#8221;ad-text-normal&#8221;]<\/p>\n<p style=\"text-align: center;\"><b>VIVRE L&#8217;\u00c9TAT DE FLOTTAISON<\/b><b><\/b><\/p>\n<p>[\/vc_column_text][\/vc_column][\/vc_row][vc_row][vc_column][vc_empty_space height=&#8221;100px&#8221;][\/vc_column][\/vc_row][vc_row][vc_column][vc_column_text el_class=&#8221;ad-text-normal&#8221; css=&#8221;.vc_custom_1697399718693{padding-right: 10px !important;padding-left: 10px !important;}&#8221;]<strong><b>Sur la phalange ou au doigt, la pesanteur de la MA 01 semble suspendue et cr\u00e9e la sensation unique de flotter, de se sentir port\u00e9e. Envelopp\u00e9 dans son empreinte, le corps se rel\u00e2che et l\u2019esprit s\u2019apaise. Elle autorise \u00e0 s&#8217;abandonner. L\u00e2chement. Entre ciel et soi.\u00a0<\/b><\/strong>[\/vc_column_text][\/vc_column][\/vc_row][vc_row][vc_column][vc_empty_space height=&#8221;50px&#8221;][\/vc_column][\/vc_row][vc_row][vc_column width=&#8221;1\/12&#8243;][\/vc_column][vc_column width=&#8221;5\/12&#8243;][vc_single_image image=&#8221;10783&#8243; img_size=&#8221;full&#8221;][\/vc_column][vc_column width=&#8221;5\/12&#8243;][vc_single_image image=&#8221;10781&#8243; img_size=&#8221;full&#8221;][\/vc_column][vc_column width=&#8221;1\/12&#8243;][\/vc_column][\/vc_row][vc_row][vc_column][vc_column_text el_class=&#8221;ad-text-normal&#8221; css=&#8221;.vc_custom_1697399727273{padding-right: 10px !important;padding-left: 10px !important;}&#8221;]<b>Les mouvements sont doux et sans effort. L\u2019objet est un cocon qui \u00e9pouse les contours de chaque courbe, offrant une sensation de soutien et de s\u00e9curit\u00e9. <\/b><b>Un temps de l\u00e9g\u00e8ret\u00e9 et de libert\u00e9.<\/b>[\/vc_column_text][\/vc_column][\/vc_row][vc_row][vc_column][vc_empty_space height=&#8221;150px&#8221;][\/vc_column][\/vc_row][vc_row][vc_column][vc_column_text el_class=&#8221;ad-text-normal&#8221;]<\/p>\n<p style=\"text-align: center;\"><b>N&#8217;\u00caTRE QUE SOI<\/b><\/p>\n<p>[\/vc_column_text][\/vc_column][\/vc_row][vc_row][vc_column][vc_empty_space height=&#8221;100px&#8221;][\/vc_column][\/vc_row][vc_row][vc_column][vc_column_text el_class=&#8221;ad-text-normal&#8221; css=&#8221;.vc_custom_1697399735324{padding-right: 10px !important;padding-left: 10px !important;}&#8221;]<b>Rel\u00e2cher, elle y parvient car elle rompt enfin avec le mensonge des faits. <\/b><b>Elle d\u00e9fie directement et audacieusement la chevali\u00e8re. Ni armoiries ni initiales. Elle supprime ostentation et vanit\u00e9. \u00c7a ne dit rien d\u2019elle. Elle se met \u00e0 nu. Elle pivote et enlace sa nouvelle place. Elle n\u2019est plus dans l\u2019apparence mais dans l\u2019existence.\u00a0<\/b>[\/vc_column_text][\/vc_column][\/vc_row][vc_row][vc_column][vc_empty_space height=&#8221;50px&#8221;][\/vc_column][\/vc_row][vc_row][vc_column width=&#8221;1\/12&#8243;][\/vc_column][vc_column width=&#8221;5\/12&#8243;][vc_single_image image=&#8221;10787&#8243; img_size=&#8221;full&#8221;][\/vc_column][vc_column width=&#8221;5\/12&#8243;][vc_single_image image=&#8221;10785&#8243; img_size=&#8221;full&#8221;][\/vc_column][vc_column width=&#8221;1\/12&#8243;][\/vc_column][\/vc_row][vc_row][vc_column][vc_column_text el_class=&#8221;ad-text-normal&#8221; css=&#8221;.vc_custom_1698092836104{padding-right: 10px !important;padding-left: 10px !important;}&#8221;]<b>Poli miroir. Miroir mouvant. Miroir vivant. Miroir de sa vie contemporaine. Elle voit d\u00e9filer sa vie dans ses gestes quotidiens. Aux creux des courbes, elle tente l\u2019exp\u00e9rience pure de l\u2019\u00eatre.\u00a0<\/b>[\/vc_column_text][\/vc_column][\/vc_row][vc_row][vc_column][vc_empty_space height=&#8221;150px&#8221;][\/vc_column][\/vc_row][vc_row][vc_column][vc_column_text el_class=&#8221;ad-text-normal&#8221;]<\/p>\n<p style=\"text-align: center;\"><b>S&#8217;\u00c9MOUVOIR DANS L&#8217;EFFET CULBUTO<\/b><\/p>\n<p>[\/vc_column_text][\/vc_column][\/vc_row][vc_row][vc_column][vc_empty_space height=&#8221;100px&#8221;][\/vc_column][\/vc_row][vc_row][vc_column][vc_column_text el_class=&#8221;ad-text-normal&#8221; css=&#8221;.vc_custom_1697824720551{padding-right: 10px !important;padding-left: 10px !important;}&#8221;]<b>Con\u00e7ue comme une sculpture, elle s\u2019observe aussi dans l\u2019absence du corps. <\/b><b>Dans le vide et sur sa base ovale symbolisant le f\u00e9minin, elle oscille d&#8217;avant en arri\u00e8re sans jamais tomber. Malgr\u00e9 le mouvement perp\u00e9tuel, elle reste droite et revient toujours \u00e0 son centre.\u00a0<\/b><b>De cette mani\u00e8re, la MA 01 mat\u00e9rialise la mentalit\u00e9 de son porteur. De la r\u00e9silience, de la persistance et la capacit\u00e9 de rebondir.<\/b>[\/vc_column_text][\/vc_column][\/vc_row][vc_row][vc_column][vc_empty_space height=&#8221;50px&#8221;][\/vc_column][\/vc_row][vc_row][vc_column width=&#8221;1\/12&#8243;][\/vc_column][vc_column width=&#8221;5\/12&#8243;][vc_single_image image=&#8221;10791&#8243; img_size=&#8221;full&#8221; alignment=&#8221;center&#8221;][\/vc_column][vc_column width=&#8221;5\/12&#8243;][vc_single_image image=&#8221;10789&#8243; img_size=&#8221;full&#8221; alignment=&#8221;center&#8221;][\/vc_column][vc_column width=&#8221;1\/12&#8243;][\/vc_column][\/vc_row][vc_row][vc_column][vc_empty_space height=&#8221;150px&#8221;][\/vc_column][\/vc_row][vc_row][vc_column][vc_column_text el_class=&#8221;ad-text-normal&#8221;]<\/p>\n<p style=\"text-align: center;\"><b>FAITES-VOUS AIDER POUR SAVOIR<\/b><\/p>\n<p>[\/vc_column_text][\/vc_column][\/vc_row][vc_row][vc_column][vc_empty_space height=&#8221;50px&#8221;][\/vc_column][\/vc_row][vc_row][vc_column width=&#8221;1\/2&#8243;][vc_column_text el_class=&#8221;ad-text-normal&#8221;]<\/p>\n<p style=\"text-align: center;\"><span style=\"color: #00ff00;\"><strong><span style=\"color: #333333;\">Envie d&#8217;essayer ?<br \/>\n<\/span><\/strong><\/span><a href=\"https:\/\/artdenouer.com\/fr\/rendez-vous-prives\/\" target=\"_blank\" rel=\"noopener\"><strong><u>R\u00e9servez un rendez-vous priv\u00e9<\/u><\/strong><\/a><\/p>\n<p>[\/vc_column_text][\/vc_column][vc_column width=&#8221;1\/2&#8243;][vc_column_text el_class=&#8221;ad-text-normal&#8221;]<\/p>\n<p style=\"text-align: center;\"><strong>Une question ?<br \/>\n<a href=\"https:\/\/artdenouer.com\/fr\/contact\/\" target=\"_blank\" rel=\"noopener\"><u>Contactez directement Anna<\/u><\/a><\/strong><\/p>\n<p>[\/vc_column_text][\/vc_column][\/vc_row][vc_row][vc_column][vc_empty_space height=&#8221;150px&#8221;][\/vc_column][\/vc_row][vc_row][vc_column][vc_column_text el_class=&#8221;ad-text-xxl&#8221;]<\/p>\n<p style=\"text-align: center;\"><b>Le geste<\/b><\/p>\n<p>[\/vc_column_text][\/vc_column][\/vc_row][vc_row][vc_column][vc_empty_space height=&#8221;100px&#8221;][\/vc_column][\/vc_row][vc_row][vc_column][vc_column_text el_class=&#8221;ad-text-normal&#8221; css=&#8221;.vc_custom_1697399814984{padding-right: 10px !important;padding-left: 10px !important;}&#8221;]<\/p>\n<p style=\"text-align: left;\"><strong>\u00c0 la phalange, la flottaison.<\/strong><\/p>\n<p>[\/vc_column_text][\/vc_column][\/vc_row][vc_row][vc_column width=&#8221;1\/3&#8243;][vc_single_image image=&#8221;10437&#8243; img_size=&#8221;full&#8221; alignment=&#8221;center&#8221;][\/vc_column][vc_column width=&#8221;1\/3&#8243;][vc_single_image image=&#8221;10435&#8243; img_size=&#8221;full&#8221; alignment=&#8221;center&#8221;][\/vc_column][vc_column width=&#8221;1\/3&#8243;][vc_single_image image=&#8221;10439&#8243; img_size=&#8221;full&#8221; alignment=&#8221;center&#8221;][\/vc_column][\/vc_row][vc_row][vc_column][vc_empty_space height=&#8221;100px&#8221;][\/vc_column][\/vc_row][vc_row][vc_column][vc_column_text el_class=&#8221;ad-text-normal&#8221; css=&#8221;.vc_custom_1697399824619{padding-right: 10px !important;padding-left: 10px !important;}&#8221;]<strong>\u00c0 l&#8217;index, la force.<\/strong>[\/vc_column_text][\/vc_column][\/vc_row][vc_row][vc_column width=&#8221;1\/3&#8243;][vc_single_image image=&#8221;10441&#8243; img_size=&#8221;full&#8221; alignment=&#8221;center&#8221;][\/vc_column][vc_column width=&#8221;1\/3&#8243;][vc_single_image image=&#8221;10443&#8243; img_size=&#8221;full&#8221; alignment=&#8221;center&#8221;][\/vc_column][vc_column width=&#8221;1\/3&#8243;][vc_single_image image=&#8221;10445&#8243; img_size=&#8221;full&#8221; alignment=&#8221;center&#8221;][\/vc_column][\/vc_row][vc_row][vc_column][vc_empty_space height=&#8221;100px&#8221;][\/vc_column][\/vc_row][vc_row][vc_column][vc_column_text el_class=&#8221;ad-text-normal&#8221; css=&#8221;.vc_custom_1697399832120{padding-right: 10px !important;padding-left: 10px !important;}&#8221;]<strong>\u00c0 l&#8217;annulaire, la d\u00e9licatesse.\u00a0<\/strong>[\/vc_column_text][\/vc_column][\/vc_row][vc_row][vc_column width=&#8221;1\/3&#8243;][vc_single_image image=&#8221;10455&#8243; img_size=&#8221;full&#8221;][\/vc_column][vc_column width=&#8221;1\/3&#8243;][vc_single_image image=&#8221;10453&#8243; img_size=&#8221;full&#8221;][\/vc_column][vc_column width=&#8221;1\/3&#8243;][vc_single_image image=&#8221;10608&#8243; img_size=&#8221;full&#8221;][\/vc_column][\/vc_row][vc_row][vc_column][vc_empty_space height=&#8221;100px&#8221;][\/vc_column][\/vc_row][vc_row][vc_column][vc_column_text el_class=&#8221;ad-text-normal&#8221; css=&#8221;.vc_custom_1697399840803{padding-right: 10px !important;padding-left: 10px !important;}&#8221;]<strong>\u00c0 l&#8217;auriculaire, l&#8217;affirmation.<\/strong>[\/vc_column_text][\/vc_column][\/vc_row][vc_row][vc_column width=&#8221;1\/3&#8243;][vc_single_image image=&#8221;10461&#8243; img_size=&#8221;full&#8221;][\/vc_column][vc_column width=&#8221;1\/3&#8243;][vc_single_image image=&#8221;10463&#8243; img_size=&#8221;full&#8221;][\/vc_column][vc_column width=&#8221;1\/3&#8243;][vc_single_image image=&#8221;10465&#8243; img_size=&#8221;full&#8221;][\/vc_column][\/vc_row][vc_row][vc_column][vc_empty_space height=&#8221;150px&#8221;][\/vc_column][\/vc_row][vc_row][vc_column][vc_column_text el_class=&#8221;ad-text-xxl&#8221;]<\/p>\n<p style=\"text-align: center;\"><b>En duo<\/b><\/p>\n<p>[\/vc_column_text][\/vc_column][\/vc_row][vc_row][vc_column][vc_empty_space height=&#8221;100px&#8221;][\/vc_column][\/vc_row][vc_row][vc_column][vc_column_text el_class=&#8221;ad-text-normal&#8221; css=&#8221;.vc_custom_1697399961473{padding-right: 10px !important;padding-left: 10px !important;}&#8221;]<b>La MA 01 vit par elle-m\u00eame. Et sait, aussi, se r\u00e9inventer en duo. En se d\u00e9cuplant, elle cr\u00e9e des nouvelles formes, des nouvelles intentions. Bague \u00e0 deux doigts. <\/b><b>Interstice<\/b> <b>papillonnant. <\/b><b>J<\/b><b>eu des sym\u00e9tries. Jeu des \u00e9quilibres. Jeu des compl\u00e9mentarit\u00e9s.<\/b>[\/vc_column_text][\/vc_column][\/vc_row][vc_row][vc_column][vc_empty_space height=&#8221;50px&#8221;][\/vc_column][\/vc_row][vc_row][vc_column][vc_column_text el_class=&#8221;ad-text-normal&#8221;]<\/p>\n<p style=\"text-align: center;\"><b>DUOS MA 01\u00a0<\/b><\/p>\n<p>[\/vc_column_text][\/vc_column][\/vc_row][vc_row][vc_column][vc_empty_space height=&#8221;50px&#8221;][\/vc_column][\/vc_row][vc_row][vc_column width=&#8221;1\/3&#8243;][vc_single_image image=&#8221;10485&#8243; img_size=&#8221;full&#8221; alignment=&#8221;center&#8221;][\/vc_column][vc_column width=&#8221;1\/3&#8243;][vc_single_image image=&#8221;10487&#8243; img_size=&#8221;full&#8221; alignment=&#8221;center&#8221;][\/vc_column][vc_column width=&#8221;1\/3&#8243;][vc_single_image image=&#8221;10489&#8243; img_size=&#8221;full&#8221; alignment=&#8221;center&#8221;][\/vc_column][\/vc_row][vc_row][vc_column][vc_empty_space height=&#8221;150px&#8221;][\/vc_column][\/vc_row][vc_row][vc_column][vc_column_text el_class=&#8221;ad-text-normal&#8221;]<\/p>\n<p style=\"text-align: center;\"><b>DUOS MA 01 x SCALE IV<\/b><\/p>\n<p>[\/vc_column_text][\/vc_column][\/vc_row][vc_row][vc_column][vc_empty_space height=&#8221;50px&#8221;][\/vc_column][\/vc_row][vc_row][vc_column][vc_column_text el_class=&#8221;ad-text-normal&#8221; css=&#8221;.vc_custom_1740677091274{padding-right: 10px !important;padding-left: 10px !important;}&#8221;]<b>La MA 01 respecte aussi l\u2019existant. Elle se compose avec \u00e9vidence, avec notre iconique SCALE IV. Elle cr\u00e9e un sursaut.<\/b> <b>Elle cr\u00e9e la suite. D\u00e9couvrez-la <strong><a href=\"https:\/\/artdenouer.com\/fr\/produit\/scale-iv-2025\/\" target=\"_blank\" rel=\"noopener\"><span style=\"text-decoration: underline;\">ici<\/span><\/a><\/strong><strong>.<\/strong><\/b>[\/vc_column_text][\/vc_column][\/vc_row][vc_row][vc_column][vc_empty_space height=&#8221;50px&#8221;][\/vc_column][\/vc_row][vc_row][vc_column width=&#8221;1\/3&#8243;][vc_single_image image=&#8221;10493&#8243; img_size=&#8221;full&#8221; alignment=&#8221;center&#8221; onclick=&#8221;custom_link&#8221; img_link_target=&#8221;_blank&#8221; link=&#8221;https:\/\/artdenouer.com\/fr\/produit\/scale-iv-2025\/&#8221;][\/vc_column][vc_column width=&#8221;1\/3&#8243;][vc_single_image image=&#8221;10495&#8243; img_size=&#8221;full&#8221; alignment=&#8221;center&#8221; onclick=&#8221;custom_link&#8221; img_link_target=&#8221;_blank&#8221; link=&#8221;https:\/\/artdenouer.com\/fr\/produit\/scale-iv-2025\/&#8221;][\/vc_column][vc_column width=&#8221;1\/3&#8243;][vc_single_image image=&#8221;10497&#8243; img_size=&#8221;full&#8221; alignment=&#8221;center&#8221; onclick=&#8221;custom_link&#8221; img_link_target=&#8221;_blank&#8221; link=&#8221;https:\/\/artdenouer.com\/fr\/produit\/scale-iv-2025\/&#8221;][\/vc_column][\/vc_row][vc_row][vc_column][vc_empty_space height=&#8221;150px&#8221;][\/vc_column][\/vc_row][vc_row el_id=&#8221;rdv-prives&#8221;][vc_column][vc_column_text el_class=&#8221;ad-text-xxl&#8221;]<\/p>\n<p style=\"text-align: center;\"><b>En face \u00e0 face<\/b><\/p>\n<p>[\/vc_column_text][vc_empty_space height=&#8221;100px&#8221;][vc_column_text el_class=&#8221;ad-text-normal&#8221; css=&#8221;.vc_custom_1749789925329{padding-right: 10px !important;padding-left: 10px !important;}&#8221;]<b>Du mardi 10 au jeudi 12 Juin 2025, Anna se livre au face \u00e0 face pour vous faire vivre l\u2019exp\u00e9rience de la rencontre. \u00c0 Paris IXe ou en visioconf\u00e9rence, de 10h \u00e0 20h, trente minutes pour s\u2019impr\u00e9gner, comprendre et s\u2019\u00e9mouvoir.<\/b>[\/vc_column_text][vc_empty_space height=&#8221;50px&#8221;][vc_column_text el_class=&#8221;ad-text-normal&#8221; el_id=&#8221;rdv-prives&#8221;]<\/p>\n<p style=\"text-align: center;\"><b>RENDEZ-VOUS PRIV\u00c9S<\/b><\/p>\n<p>[\/vc_column_text][vc_empty_space height=&#8221;50px&#8221;][\/vc_column][\/vc_row][vc_row][vc_column width=&#8221;1\/12&#8243;][\/vc_column][vc_column width=&#8221;5\/12&#8243;][vc_single_image image=&#8221;10499&#8243; img_size=&#8221;large&#8221; alignment=&#8221;center&#8221; onclick=&#8221;custom_link&#8221; img_link_target=&#8221;_blank&#8221; link=&#8221;https:\/\/artdenouer.com\/fr\/rendez-vous-prives\/&#8221;][\/vc_column][vc_column width=&#8221;5\/12&#8243;][vc_single_image image=&#8221;10501&#8243; img_size=&#8221;large&#8221; alignment=&#8221;center&#8221; onclick=&#8221;custom_link&#8221; img_link_target=&#8221;_blank&#8221; link=&#8221;https:\/\/artdenouer.com\/fr\/rendez-vous-prives\/&#8221;][\/vc_column][vc_column width=&#8221;1\/12&#8243;][\/vc_column][\/vc_row][vc_row][vc_column][vc_empty_space height=&#8221;50px&#8221;][\/vc_column][\/vc_row][vc_row][vc_column width=&#8221;1\/2&#8243;][vc_column_text el_class=&#8221;ad-text-normal&#8221; css=&#8221;.vc_custom_1697399994553{padding-right: 10px !important;padding-left: 10px !important;}&#8221;]<b>Essayages \u00e0 Paris<\/b>[\/vc_column_text][vc_column_text el_class=&#8221;ad-text-normal&#8221; css=&#8221;.vc_custom_1732557718298{padding-right: 10px !important;padding-left: 10px !important;}&#8221;]<b>Anna vous re\u00e7oit dans l\u2019intimit\u00e9 du <i>Parister<\/i>, h\u00f4tel particulier du IXe arrondissement<\/b><b>. <a href=\"https:\/\/artdenouer.com\/fr\/rendez-vous-prives\/\" target=\"_blank\" rel=\"noopener\"><strong><u>Un rendez-vous priv\u00e9<\/u><\/strong><\/a> d&#8217;une heure pour vous approprier le port\u00e9 singulier de la MA 01, et ressentir comment ses courbes fusionnent avec votre corps et esprit. <\/b><b>P<\/b><b>rise de mesure et pr\u00e9commande possibles sur place.<\/b>[\/vc_column_text][\/vc_column][vc_column width=&#8221;1\/2&#8243;][vc_column_text el_class=&#8221;ad-text-normal&#8221; css=&#8221;.vc_custom_1697400000323{padding-right: 10px !important;padding-left: 10px !important;}&#8221;]<b>Conseils en visioconf\u00e9rence<\/b>[\/vc_column_text][vc_column_text el_class=&#8221;ad-text-normal&#8221; css=&#8221;.vc_custom_1732557727233{padding-right: 10px !important;padding-left: 10px !important;}&#8221;]<b>P<\/b><b>our vous qui \u00eates loin<\/b>\u00a0<b>de Paris ou qui pr\u00e9f\u00e9rez \u00e9viter les d\u00e9placements, <a href=\"https:\/\/artdenouer.com\/fr\/rendez-vous-prives\/\" target=\"_blank\" rel=\"noopener\"><strong><u>Anna\u00a0transpose l\u2019exp\u00e9rience en visioconf\u00e9rence<\/u><\/strong><\/a>. <\/b><b>Au travers de ses gestes et une immersion visuel HD, vous saisirez les d\u00e9tails et la fluidit\u00e9 de ces pi\u00e8ces organiques. Cette c<\/b><b>ommunication instantan\u00e9e\u00a0<\/b><b>vous donnera acc\u00e8s aux savoirs du designer et \u00e0 ses c<\/b><b>onseils personnalis\u00e9s en direct.<\/b>[\/vc_column_text][\/vc_column][\/vc_row][vc_row][vc_column][vc_empty_space height=&#8221;50px&#8221;][vc_column_text el_class=&#8221;ad-text-normal&#8221; css=&#8221;.vc_custom_1740676238232{padding-right: 10px !important;padding-left: 10px !important;}&#8221;]<b>R\u00e9servez, d\u00e8s maintenant, votre <\/b><b>rendez-vous priv\u00e9 <\/b><a href=\"https:\/\/artdenouer.com\/fr\/rendez-vous-prives\/\" target=\"_blank\" rel=\"noopener\"><u><b>ici<\/b><\/u><\/a><b>.<\/b>[\/vc_column_text][\/vc_column][\/vc_row][vc_row][vc_column][vc_empty_space height=&#8221;150px&#8221;][\/vc_column][\/vc_row][vc_row el_id=&#8221;faq&#8221;][vc_column][vc_column_text el_class=&#8221;ad-text-xxl&#8221; css=&#8221;.vc_custom_1694763237407{padding-right: 10px !important;padding-left: 10px !important;}&#8221;]<\/p>\n<p style=\"text-align: center;\"><strong>FAQ<\/strong><\/p>\n<p>[\/vc_column_text][\/vc_column][\/vc_row][vc_row][vc_column][vc_empty_space height=&#8221;150px&#8221;][\/vc_column][\/vc_row][vc_row][vc_column width=&#8221;1\/2&#8243;][vc_column_text el_class=&#8221;ad-text-normal&#8221; css=&#8221;.vc_custom_1697400065086{padding-right: 10px !important;padding-left: 10px !important;}&#8221;]<b>Si je me trompe de taille, puis-je l&#8217;\u00e9changer ?<\/b>[\/vc_column_text][\/vc_column][vc_column width=&#8221;1\/2&#8243;][vc_column_text el_class=&#8221;ad-text-normal&#8221; css=&#8221;.vc_custom_1697400070553{padding-right: 10px !important;padding-left: 10px !important;}&#8221;]<strong>Oui parfaitement. D\u00e8s que vous recevrez votre MA 01, vous aurez 14 jours pour nous faire part de votre volont\u00e9 \u00e0 changer de taille. Si la taille souhait\u00e9e fait partie de notre surplus de production, nous proc\u00e9derons \u00e0 l&#8217;\u00e9change. Sinon, notre joaillier en fabriquera une nouvelle, gratuitement.<\/strong>[\/vc_column_text][\/vc_column][\/vc_row][vc_row][vc_column width=&#8221;1\/2&#8243;][vc_column_text el_class=&#8221;ad-text-normal&#8221; css=&#8221;.vc_custom_1697400079420{padding-right: 10px !important;padding-left: 10px !important;}&#8221;]<b>Est-ce que je risque de m&#8217;accrocher avec ?\u00a0<\/b>[\/vc_column_text][\/vc_column][vc_column width=&#8221;1\/2&#8243;][vc_column_text el_class=&#8221;ad-text-normal&#8221; css=&#8221;.vc_custom_1697400086469{padding-right: 10px !important;padding-left: 10px !important;}&#8221;]<strong>Aucun risque. La MA 01 reste plaqu\u00e9e \u00e0 m\u00eame le doigt. Son ouverture \u00e9troite (2 millim\u00e8tres) et ses deux extr\u00e9mit\u00e9s courb\u00e9es ont \u00e9t\u00e9 sp\u00e9cialement con\u00e7us pour emp\u00eacher tout accrochage.\u00a0<\/strong>[\/vc_column_text][\/vc_column][\/vc_row][vc_row][vc_column width=&#8221;1\/2&#8243;][vc_column_text el_class=&#8221;ad-text-normal&#8221; css=&#8221;.vc_custom_1697400106336{padding-right: 10px !important;padding-left: 10px !important;}&#8221;]<b>Est-elle lourde ?\u00a0<\/b>[\/vc_column_text][\/vc_column][vc_column width=&#8221;1\/2&#8243;][vc_column_text el_class=&#8221;ad-text-normal&#8221; css=&#8221;.vc_custom_1715255200525{padding-right: 10px !important;padding-left: 10px !important;}&#8221;]<strong>Son poids est \u00e9volue selon la taille choisie. En Plaqu\u00e9 Or Jaune, son poids varie de 11g \u00e0 13g, respectivement en taille 45 et 57. Dans tous les cas, son poids est r\u00e9parti de fa\u00e7on \u00e9quilibr\u00e9 tout autour du doigt. Vous sentirez sa pr\u00e9sence, un soutien, mais pas son poids.<\/strong>[\/vc_column_text][\/vc_column][\/vc_row][vc_row][vc_column width=&#8221;1\/2&#8243;][vc_column_text el_class=&#8221;ad-text-normal&#8221; css=&#8221;.vc_custom_1697400118402{padding-right: 10px !important;padding-left: 10px !important;}&#8221;]<b>Puis-je la porter \u00e0 diff\u00e9rents doigts ?\u00a0<\/b>[\/vc_column_text][\/vc_column][vc_column width=&#8221;1\/2&#8243;][vc_column_text el_class=&#8221;ad-text-normal&#8221; css=&#8221;.vc_custom_1715255432994{padding-right: 10px !important;padding-left: 10px !important;}&#8221;]<\/p>\n<p class=\"p1\"><strong>Certaines femmes ont la m\u00eame au majeur et l&#8217;index. Dans ce cas-l\u00e0, elles peuvent en effet utiliser une seule et m\u00eame taille, et varier l&#8217;emplacement selon leur humeur. <\/strong><strong>Cependant, je recommande toujours de bien r\u00e9fl\u00e9chir au doigt auquel vous aimeriez la porter quotidiennement, et d\u00e9finir la taille en fonction. Il vaut mieux avoir un seul et beau port\u00e9, que plusieurs inadapt\u00e9s.<\/strong><\/p>\n<p>[\/vc_column_text][\/vc_column][\/vc_row][vc_row][vc_column width=&#8221;1\/2&#8243;][vc_column_text el_class=&#8221;ad-text-normal&#8221; css=&#8221;.vc_custom_1697400150386{padding-right: 10px !important;padding-left: 10px !important;}&#8221;]<b>Puis-je payer en plusieurs fois ?\u00a0<\/b>[\/vc_column_text][\/vc_column][vc_column width=&#8221;1\/2&#8243;][vc_column_text el_class=&#8221;ad-text-normal&#8221; css=&#8221;.vc_custom_1742845289862{padding-right: 10px !important;padding-left: 10px !important;}&#8221;]<strong>Oui, nous vous offrons la possibilit\u00e9 de payer \u00e0 votre rythme, en 2, 3 ou 4 fois, sans frais. Ce paiement est s\u00e9curis\u00e9 et s&#8217;\u00e9tablit avec un partenaire reconnu et de confiance ALMA. Le paiement en plusieurs fois est disponible aussi bien pour les commandes en ligne qu\u2019en rendez-vous priv\u00e9s.<\/strong>[\/vc_column_text][\/vc_column][\/vc_row][vc_row][vc_column width=&#8221;1\/2&#8243;][vc_column_text el_class=&#8221;ad-text-normal&#8221; css=&#8221;.vc_custom_1697400161519{padding-right: 10px !important;padding-left: 10px !important;}&#8221;]<b>Comment bien l&#8217;entretenir ?\u00a0<\/b>[\/vc_column_text][\/vc_column][vc_column width=&#8221;1\/2&#8243;][vc_column_text el_class=&#8221;ad-text-normal&#8221; css=&#8221;.vc_custom_1715255566582{padding-right: 10px !important;padding-left: 10px !important;}&#8221;]<strong>Pour pr\u00e9server la brillance et la long\u00e9vit\u00e9 de votre MA 01 en Plaqu\u00e9 Or jaune ou en Argent massif, voici mes conseils. Retirez la avant de vous lavez les mains, de vous doucher ou vous coucher. Pour emp\u00eacher l&#8217;oxydation naturelle, rangez la dans son \u00e9crin. \u00c9vitez les contacts avec les cr\u00e8mes, les parfums et produits chimiques. Polissez la r\u00e9guli\u00e8rement avec un chiffon doux afin de garder son \u00e9clat.<\/strong>[\/vc_column_text][\/vc_column][\/vc_row][vc_row][vc_column width=&#8221;1\/2&#8243;][vc_column_text el_class=&#8221;ad-text-normal&#8221; css=&#8221;.vc_custom_1697400175769{padding-right: 10px !important;padding-left: 10px !important;}&#8221;]<b>Quand vais-je la recevoir ?<\/b>[\/vc_column_text][\/vc_column][vc_column width=&#8221;1\/2&#8243;][vc_column_text el_class=&#8221;ad-text-normal&#8221; css=&#8221;.vc_custom_1749368436406{padding-right: 10px !important;padding-left: 10px !important;}&#8221;]<strong>Cette \u00e9dition est en stock. Votre MA 01 sera exp\u00e9di\u00e9e et livr\u00e9e sous 3 \u00e0 5 jours ouvr\u00e9s.\u00a0<\/strong>[\/vc_column_text][\/vc_column][\/vc_row][vc_row][vc_column][vc_empty_space height=&#8221;100px&#8221;][\/vc_column][\/vc_row]<\/p>\n<\/section>","protected":false},"excerpt":{"rendered":"<p><b>La MA 01 est une seconde peau. Empreinte du doigt, objet et corps fusionnent. Ses courbes g\u00e9n\u00e9reuses et enveloppantes invitent \u00e0 s&#8217;y abandonner. Au travers de son grand poli miroir bomb\u00e9, chaque sc\u00e8ne de vie, refl\u00e8te avec v\u00e9rit\u00e9, le pr\u00e9sent. De l&#8217;avant en arri\u00e8re, parfois elle culbute. Mais \u00e0 l&#8217;image de la femme, elle parvient toujours \u00e0 se redresser.\u00a0<\/b><\/p>\n","protected":false},"featured_media":15082,"template":"","meta":{"_acf_changed":false},"product_cat":[266],"product_tag":[],"acf":[],"yoast_head":"<!-- This site is optimized with the Yoast SEO plugin v22.8 - https:\/\/yoast.com\/wordpress\/plugins\/seo\/ -->\n<title>MA 01, s\u00e9rie Anatomie du MA<\/title>\n<meta name=\"description\" content=\"La MA 01 est actuellement disponible, en stock limit\u00e9.\" \/>\n<meta name=\"robots\" content=\"index, follow, max-snippet:-1, max-image-preview:large, max-video-preview:-1\" \/>\n<link rel=\"canonical\" href=\"https:\/\/artdenouer.com\/fr\/produit\/ma-01-2025\/\" \/>\n<meta property=\"og:locale\" content=\"fr_FR\" \/>\n<meta property=\"og:type\" content=\"article\" \/>\n<meta property=\"og:title\" content=\"MA 01, s\u00e9rie ANATOMIE DU MA\" \/>\n<meta property=\"og:description\" content=\"La MA 01 est actuellement disponible, du mardi 10 au jeudi 12 juin 2025, en stock limit\u00e9.\" \/>\n<meta property=\"og:url\" content=\"https:\/\/artdenouer.com\/fr\/produit\/ma-01-2025\/\" \/>\n<meta property=\"og:site_name\" content=\"ARTDENOUER\" \/>\n<meta property=\"article:modified_time\" content=\"2025-06-13T04:45:32+00:00\" \/>\n<meta property=\"og:image\" content=\"https:\/\/artdenouer.com\/wp-content\/uploads\/2024\/11\/MA01_PO-1.jpg\" \/>\n\t<meta property=\"og:image:width\" content=\"1920\" \/>\n\t<meta property=\"og:image:height\" content=\"2560\" \/>\n\t<meta property=\"og:image:type\" content=\"image\/jpeg\" \/>\n<meta name=\"twitter:card\" content=\"summary_large_image\" \/>\n<meta name=\"twitter:title\" content=\"MA 01, s\u00e9rie ANATOMIE DU MA\" \/>\n<meta name=\"twitter:description\" content=\"La MA 01 est actuellement disponible, du mardi 10 au jeudi 12 juin 2025, en stock limit\u00e9.\" \/>\n<meta name=\"twitter:image\" content=\"https:\/\/artdenouer.com\/wp-content\/uploads\/2024\/11\/MA01_PO-1.jpg\" \/>\n<meta name=\"twitter:label1\" content=\"Dur\u00e9e de lecture estim\u00e9e\" \/>\n\t<meta name=\"twitter:data1\" content=\"8 minutes\" \/>\n<script type=\"application\/ld+json\" class=\"yoast-schema-graph\">{\"@context\":\"https:\/\/schema.org\",\"@graph\":[{\"@type\":\"WebPage\",\"@id\":\"https:\/\/artdenouer.com\/fr\/produit\/ma-01-2025\/\",\"url\":\"https:\/\/artdenouer.com\/fr\/produit\/ma-01-2025\/\",\"name\":\"MA 01, s\u00e9rie Anatomie du MA\",\"isPartOf\":{\"@id\":\"https:\/\/artdenouer.com\/fr\/#website\"},\"primaryImageOfPage\":{\"@id\":\"https:\/\/artdenouer.com\/fr\/produit\/ma-01-2025\/#primaryimage\"},\"image\":{\"@id\":\"https:\/\/artdenouer.com\/fr\/produit\/ma-01-2025\/#primaryimage\"},\"thumbnailUrl\":\"https:\/\/artdenouer.com\/wp-content\/uploads\/2024\/11\/MA01_PO-1.jpg\",\"datePublished\":\"2025-02-27T16:53:28+00:00\",\"dateModified\":\"2025-06-13T04:45:32+00:00\",\"description\":\"La MA 01 est actuellement disponible, en stock limit\u00e9.\",\"breadcrumb\":{\"@id\":\"https:\/\/artdenouer.com\/fr\/produit\/ma-01-2025\/#breadcrumb\"},\"inLanguage\":\"fr-FR\",\"potentialAction\":[{\"@type\":\"ReadAction\",\"target\":[\"https:\/\/artdenouer.com\/fr\/produit\/ma-01-2025\/\"]}]},{\"@type\":\"ImageObject\",\"inLanguage\":\"fr-FR\",\"@id\":\"https:\/\/artdenouer.com\/fr\/produit\/ma-01-2025\/#primaryimage\",\"url\":\"https:\/\/artdenouer.com\/wp-content\/uploads\/2024\/11\/MA01_PO-1.jpg\",\"contentUrl\":\"https:\/\/artdenouer.com\/wp-content\/uploads\/2024\/11\/MA01_PO-1.jpg\",\"width\":1920,\"height\":2560},{\"@type\":\"BreadcrumbList\",\"@id\":\"https:\/\/artdenouer.com\/fr\/produit\/ma-01-2025\/#breadcrumb\",\"itemListElement\":[{\"@type\":\"ListItem\",\"position\":1,\"name\":\"Accueil\",\"item\":\"https:\/\/artdenouer.com\/fr\/\"},{\"@type\":\"ListItem\",\"position\":2,\"name\":\"The Shop\",\"item\":\"https:\/\/artdenouer.com\/fr\/?page_id=5\"},{\"@type\":\"ListItem\",\"position\":3,\"name\":\"MA 01 (pr\u00e9commande)\"}]},{\"@type\":\"WebSite\",\"@id\":\"https:\/\/artdenouer.com\/fr\/#website\",\"url\":\"https:\/\/artdenouer.com\/fr\/\",\"name\":\"ARTDENOUER\",\"description\":\"Sculptures \u00e0 porter\",\"publisher\":{\"@id\":\"https:\/\/artdenouer.com\/fr\/#organization\"},\"potentialAction\":[{\"@type\":\"SearchAction\",\"target\":{\"@type\":\"EntryPoint\",\"urlTemplate\":\"https:\/\/artdenouer.com\/fr\/?s={search_term_string}\"},\"query-input\":\"required name=search_term_string\"}],\"inLanguage\":\"fr-FR\"},{\"@type\":\"Organization\",\"@id\":\"https:\/\/artdenouer.com\/fr\/#organization\",\"name\":\"ARTDENOUER\",\"url\":\"https:\/\/artdenouer.com\/fr\/\",\"logo\":{\"@type\":\"ImageObject\",\"inLanguage\":\"fr-FR\",\"@id\":\"https:\/\/artdenouer.com\/fr\/#\/schema\/logo\/image\/\",\"url\":\"https:\/\/artdenouer.com\/wp-content\/uploads\/2023\/09\/161013_logotype_3mm.png\",\"contentUrl\":\"https:\/\/artdenouer.com\/wp-content\/uploads\/2023\/09\/161013_logotype_3mm.png\",\"width\":301,\"height\":45,\"caption\":\"ARTDENOUER\"},\"image\":{\"@id\":\"https:\/\/artdenouer.com\/fr\/#\/schema\/logo\/image\/\"},\"sameAs\":[\"https:\/\/www.instagram.com\/artdenouer\/\"]}]}<\/script>\n<!-- \/ Yoast SEO plugin. -->","yoast_head_json":{"title":"MA 01, s\u00e9rie Anatomie du MA","description":"La MA 01 est actuellement disponible, en stock limit\u00e9.","robots":{"index":"index","follow":"follow","max-snippet":"max-snippet:-1","max-image-preview":"max-image-preview:large","max-video-preview":"max-video-preview:-1"},"canonical":"https:\/\/artdenouer.com\/fr\/produit\/ma-01-2025\/","og_locale":"fr_FR","og_type":"article","og_title":"MA 01, s\u00e9rie ANATOMIE DU MA","og_description":"La MA 01 est actuellement disponible, du mardi 10 au jeudi 12 juin 2025, en stock limit\u00e9.","og_url":"https:\/\/artdenouer.com\/fr\/produit\/ma-01-2025\/","og_site_name":"ARTDENOUER","article_modified_time":"2025-06-13T04:45:32+00:00","og_image":[{"width":1920,"height":2560,"url":"https:\/\/artdenouer.com\/wp-content\/uploads\/2024\/11\/MA01_PO-1.jpg","type":"image\/jpeg"}],"twitter_card":"summary_large_image","twitter_title":"MA 01, s\u00e9rie ANATOMIE DU MA","twitter_description":"La MA 01 est actuellement disponible, du mardi 10 au jeudi 12 juin 2025, en stock limit\u00e9.","twitter_image":"https:\/\/artdenouer.com\/wp-content\/uploads\/2024\/11\/MA01_PO-1.jpg","twitter_misc":{"Dur\u00e9e de lecture estim\u00e9e":"8 minutes"},"schema":{"@context":"https:\/\/schema.org","@graph":[{"@type":"WebPage","@id":"https:\/\/artdenouer.com\/fr\/produit\/ma-01-2025\/","url":"https:\/\/artdenouer.com\/fr\/produit\/ma-01-2025\/","name":"MA 01, s\u00e9rie Anatomie du MA","isPartOf":{"@id":"https:\/\/artdenouer.com\/fr\/#website"},"primaryImageOfPage":{"@id":"https:\/\/artdenouer.com\/fr\/produit\/ma-01-2025\/#primaryimage"},"image":{"@id":"https:\/\/artdenouer.com\/fr\/produit\/ma-01-2025\/#primaryimage"},"thumbnailUrl":"https:\/\/artdenouer.com\/wp-content\/uploads\/2024\/11\/MA01_PO-1.jpg","datePublished":"2025-02-27T16:53:28+00:00","dateModified":"2025-06-13T04:45:32+00:00","description":"La MA 01 est actuellement disponible, en stock limit\u00e9.","breadcrumb":{"@id":"https:\/\/artdenouer.com\/fr\/produit\/ma-01-2025\/#breadcrumb"},"inLanguage":"fr-FR","potentialAction":[{"@type":"ReadAction","target":["https:\/\/artdenouer.com\/fr\/produit\/ma-01-2025\/"]}]},{"@type":"ImageObject","inLanguage":"fr-FR","@id":"https:\/\/artdenouer.com\/fr\/produit\/ma-01-2025\/#primaryimage","url":"https:\/\/artdenouer.com\/wp-content\/uploads\/2024\/11\/MA01_PO-1.jpg","contentUrl":"https:\/\/artdenouer.com\/wp-content\/uploads\/2024\/11\/MA01_PO-1.jpg","width":1920,"height":2560},{"@type":"BreadcrumbList","@id":"https:\/\/artdenouer.com\/fr\/produit\/ma-01-2025\/#breadcrumb","itemListElement":[{"@type":"ListItem","position":1,"name":"Accueil","item":"https:\/\/artdenouer.com\/fr\/"},{"@type":"ListItem","position":2,"name":"The Shop","item":"https:\/\/artdenouer.com\/fr\/?page_id=5"},{"@type":"ListItem","position":3,"name":"MA 01 (pr\u00e9commande)"}]},{"@type":"WebSite","@id":"https:\/\/artdenouer.com\/fr\/#website","url":"https:\/\/artdenouer.com\/fr\/","name":"ARTDENOUER","description":"Sculptures \u00e0 porter","publisher":{"@id":"https:\/\/artdenouer.com\/fr\/#organization"},"potentialAction":[{"@type":"SearchAction","target":{"@type":"EntryPoint","urlTemplate":"https:\/\/artdenouer.com\/fr\/?s={search_term_string}"},"query-input":"required name=search_term_string"}],"inLanguage":"fr-FR"},{"@type":"Organization","@id":"https:\/\/artdenouer.com\/fr\/#organization","name":"ARTDENOUER","url":"https:\/\/artdenouer.com\/fr\/","logo":{"@type":"ImageObject","inLanguage":"fr-FR","@id":"https:\/\/artdenouer.com\/fr\/#\/schema\/logo\/image\/","url":"https:\/\/artdenouer.com\/wp-content\/uploads\/2023\/09\/161013_logotype_3mm.png","contentUrl":"https:\/\/artdenouer.com\/wp-content\/uploads\/2023\/09\/161013_logotype_3mm.png","width":301,"height":45,"caption":"ARTDENOUER"},"image":{"@id":"https:\/\/artdenouer.com\/fr\/#\/schema\/logo\/image\/"},"sameAs":["https:\/\/www.instagram.com\/artdenouer\/"]}]}},"_links":{"self":[{"href":"https:\/\/artdenouer.com\/fr\/wp-json\/wp\/v2\/product\/15790"}],"collection":[{"href":"https:\/\/artdenouer.com\/fr\/wp-json\/wp\/v2\/product"}],"about":[{"href":"https:\/\/artdenouer.com\/fr\/wp-json\/wp\/v2\/types\/product"}],"wp:featuredmedia":[{"embeddable":true,"href":"https:\/\/artdenouer.com\/fr\/wp-json\/wp\/v2\/media\/15082"}],"wp:attachment":[{"href":"https:\/\/artdenouer.com\/fr\/wp-json\/wp\/v2\/media?parent=15790"}],"wp:term":[{"taxonomy":"product_cat","embeddable":true,"href":"https:\/\/artdenouer.com\/fr\/wp-json\/wp\/v2\/product_cat?post=15790"},{"taxonomy":"product_tag","embeddable":true,"href":"https:\/\/artdenouer.com\/fr\/wp-json\/wp\/v2\/product_tag?post=15790"}],"curies":[{"name":"wp","href":"https:\/\/api.w.org\/{rel}","templated":true}]}}